{"id":471,"date":"2023-01-18T11:13:51","date_gmt":"2023-01-18T10:13:51","guid":{"rendered":"https:\/\/pomerania.org.pl\/?page_id=471"},"modified":"2026-03-25T10:43:01","modified_gmt":"2026-03-25T09:43:01","slug":"polsko-niemiecka-wspolpraca-mlodziezy","status":"publish","type":"page","link":"https:\/\/pomerania.org.pl\/?page_id=471","title":{"rendered":"Polsko-Niemiecka Wsp\u00f3\u0142praca M\u0142odzie\u017cy"},"content":{"rendered":"\t\t<div data-elementor-type=\"wp-page\" data-elementor-id=\"471\" class=\"elementor elementor-471\">\n\t\t\t\t\t\t\t\t\t<section class=\"elementor-section elementor-top-section elementor-element elementor-element-614a02e elementor-section-boxed elementor-section-height-default elementor-section-height-default\" data-id=\"614a02e\" data-element_type=\"section\">\n\t\t\t\t\t\t<div class=\"elementor-container elementor-column-gap-default\">\n\t\t\t\t\t<div class=\"elementor-column elementor-col-100 elementor-top-column elementor-element elementor-element-f0616af\" data-id=\"f0616af\" data-element_type=\"column\">\n\t\t\t<div class=\"elementor-widget-wrap elementor-element-populated\">\n\t\t\t\t\t\t\t\t<div class=\"elementor-element elementor-element-7a9d54c elementor-grid-3 elementor-grid-tablet-2 elementor-grid-mobile-1 elementor-posts--thumbnail-top elementor-posts--show-avatar elementor-card-shadow-yes elementor-posts__hover-gradient elementor-invisible elementor-widget elementor-widget-posts\" data-id=\"7a9d54c\" data-element_type=\"widget\" data-settings=\"{&quot;_animation&quot;:&quot;fadeInLeft&quot;,&quot;cards_columns&quot;:&quot;3&quot;,&quot;cards_columns_tablet&quot;:&quot;2&quot;,&quot;cards_columns_mobile&quot;:&quot;1&quot;,&quot;cards_row_gap&quot;:{&quot;unit&quot;:&quot;px&quot;,&quot;size&quot;:35,&quot;sizes&quot;:[]},&quot;cards_row_gap_tablet&quot;:{&quot;unit&quot;:&quot;px&quot;,&quot;size&quot;:&quot;&quot;,&quot;sizes&quot;:[]},&quot;cards_row_gap_mobile&quot;:{&quot;unit&quot;:&quot;px&quot;,&quot;size&quot;:&quot;&quot;,&quot;sizes&quot;:[]}}\" data-widget_type=\"posts.cards\">\n\t\t\t\t<div class=\"elementor-widget-container\">\n\t\t\t<link rel=\"stylesheet\" href=\"https:\/\/pomerania.org.pl\/wp-content\/plugins\/elementor-pro\/assets\/css\/widget-posts.min.css\">\t\t<div class=\"elementor-posts-container elementor-posts elementor-posts--skin-cards elementor-grid\">\n\t\t\t\t<article class=\"elementor-post elementor-grid-item post-8627 post type-post status-publish format-standard has-post-thumbnail hentry category-pnwm\">\n\t\t\t<div class=\"elementor-post__card\">\n\t\t\t\t<a class=\"elementor-post__thumbnail__link\" href=\"https:\/\/pomerania.org.pl\/?p=8627\" ><div class=\"elementor-post__thumbnail\"><img loading=\"lazy\" decoding=\"async\" width=\"507\" height=\"351\" src=\"https:\/\/pomerania.org.pl\/wp-content\/uploads\/2026\/04\/Zrzut-ekranu-2026-04-29-101352.png\" class=\"attachment-medium_large size-medium_large wp-image-8629\" alt=\"\" srcset=\"https:\/\/pomerania.org.pl\/wp-content\/uploads\/2026\/04\/Zrzut-ekranu-2026-04-29-101352.png 507w, https:\/\/pomerania.org.pl\/wp-content\/uploads\/2026\/04\/Zrzut-ekranu-2026-04-29-101352-300x208.png 300w\" sizes=\"auto, (max-width: 507px) 100vw, 507px\" \/><\/div><\/a>\n\t\t\t\t<div class=\"elementor-post__badge\">Polsko-Niemiecka Wsp\u00f3\u0142praca M\u0142odzie\u017cy<\/div>\n\t\t\t\t<div class=\"elementor-post__avatar\">\n\t\t\t\t\t<\/div>\n\t\t\t\t<div class=\"elementor-post__text\">\n\t\t\t\t<h3 class=\"elementor-post__title\">\n\t\t\t<a href=\"https:\/\/pomerania.org.pl\/?p=8627\" >\n\t\t\t\tOstatnie wolne miejsca na polsko-niemiecki ob\u00f3z Summer Camp w Templinie\t\t\t<\/a>\n\t\t<\/h3>\n\t\t\t\t<div class=\"elementor-post__excerpt\">\n\t\t\t<p>Stiftung Geb\u00e4udeensemble Joachimsthalsches Gymnasium Templin wsp\u00f3lnie z klubami Rotary w Koszalinie, Szczecinie i Prenzlau oraz miastem Po\u0142czyn-Zdr\u00f3j organizuj\u0105 po raz pi\u0105ty polsko-niemiecki ob\u00f3z letni, kt\u00f3ry<\/p>\n\t\t<\/div>\n\t\t\n\t\t<a class=\"elementor-post__read-more\" href=\"https:\/\/pomerania.org.pl\/?p=8627\" aria-label=\"Read more about Ostatnie wolne miejsca na polsko-niemiecki ob\u00f3z Summer Camp w Templinie\" >\n\t\t\tCzytaj wi\u0119cej \u00bb\t\t<\/a>\n\n\t\t\t\t<\/div>\n\t\t\t\t<div class=\"elementor-post__meta-data\">\n\t\t\t\t\t<span class=\"elementor-post-date\">\n\t\t\t29-04-2026\t\t<\/span>\n\t\t\t\t<span class=\"elementor-post-avatar\">\n\t\t\tBrak komentarzy\t\t<\/span>\n\t\t\t\t<\/div>\n\t\t\t\t\t<\/div>\n\t\t<\/article>\n\t\t\t\t<article class=\"elementor-post elementor-grid-item post-8595 post type-post status-publish format-standard has-post-thumbnail hentry category-ibn\">\n\t\t\t<div class=\"elementor-post__card\">\n\t\t\t\t<a class=\"elementor-post__thumbnail__link\" href=\"https:\/\/pomerania.org.pl\/?p=8595&#038;lang=de\" ><div class=\"elementor-post__thumbnail\"><img loading=\"lazy\" decoding=\"async\" width=\"768\" height=\"513\" src=\"https:\/\/pomerania.org.pl\/wp-content\/uploads\/2026\/04\/szkolenie_23_04_2026_81-768x513.jpg\" class=\"attachment-medium_large size-medium_large wp-image-8606\" alt=\"\" srcset=\"https:\/\/pomerania.org.pl\/wp-content\/uploads\/2026\/04\/szkolenie_23_04_2026_81-768x513.jpg 768w, https:\/\/pomerania.org.pl\/wp-content\/uploads\/2026\/04\/szkolenie_23_04_2026_81-300x200.jpg 300w, https:\/\/pomerania.org.pl\/wp-content\/uploads\/2026\/04\/szkolenie_23_04_2026_81-1536x1025.jpg 1536w, https:\/\/pomerania.org.pl\/wp-content\/uploads\/2026\/04\/szkolenie_23_04_2026_81-2048x1367.jpg 2048w\" sizes=\"auto, (max-width: 768px) 100vw, 768px\" \/><\/div><\/a>\n\t\t\t\t<div class=\"elementor-post__badge\">IBN<\/div>\n\t\t\t\t<div class=\"elementor-post__avatar\">\n\t\t\t\t\t<\/div>\n\t\t\t\t<div class=\"elementor-post__text\">\n\t\t\t\t<h3 class=\"elementor-post__title\">\n\t\t\t<a href=\"https:\/\/pomerania.org.pl\/?p=8595&amp;lang=de\" >\n\t\t\t\tK\u00fcnstliche Intelligenz in der Praxis\t\t\t<\/a>\n\t\t<\/h3>\n\t\t\t\t<div class=\"elementor-post__excerpt\">\n\t\t\t<p>Am 23. April 2026 fand im Marschallamt in Stettin, im Delfin-Saal, eine Fortbildung mit dem Titel \u201eK\u00fcnstliche Intelligenz in der Praxis \u2013 wie man effizienter<\/p>\n\t\t<\/div>\n\t\t\n\t\t<a class=\"elementor-post__read-more\" href=\"https:\/\/pomerania.org.pl\/?p=8595&#038;lang=de\" aria-label=\"Read more about K\u00fcnstliche Intelligenz in der Praxis\" >\n\t\t\tCzytaj wi\u0119cej \u00bb\t\t<\/a>\n\n\t\t\t\t<\/div>\n\t\t\t\t<div class=\"elementor-post__meta-data\">\n\t\t\t\t\t<span class=\"elementor-post-date\">\n\t\t\t24-04-2026\t\t<\/span>\n\t\t\t\t<span class=\"elementor-post-avatar\">\n\t\t\tBrak komentarzy\t\t<\/span>\n\t\t\t\t<\/div>\n\t\t\t\t\t<\/div>\n\t\t<\/article>\n\t\t\t\t<article class=\"elementor-post elementor-grid-item post-8515 post type-post status-publish format-standard has-post-thumbnail hentry category-ibn\">\n\t\t\t<div class=\"elementor-post__card\">\n\t\t\t\t<a class=\"elementor-post__thumbnail__link\" href=\"https:\/\/pomerania.org.pl\/?p=8515&#038;lang=de\" ><div class=\"elementor-post__thumbnail\"><img loading=\"lazy\" decoding=\"async\" width=\"768\" height=\"432\" src=\"https:\/\/pomerania.org.pl\/wp-content\/uploads\/2026\/04\/III-KE-de-768x432.png\" class=\"attachment-medium_large size-medium_large wp-image-8519\" alt=\"\" srcset=\"https:\/\/pomerania.org.pl\/wp-content\/uploads\/2026\/04\/III-KE-de-768x432.png 768w, https:\/\/pomerania.org.pl\/wp-content\/uploads\/2026\/04\/III-KE-de-300x169.png 300w, https:\/\/pomerania.org.pl\/wp-content\/uploads\/2026\/04\/III-KE-de-1536x864.png 1536w, https:\/\/pomerania.org.pl\/wp-content\/uploads\/2026\/04\/III-KE-de.png 1920w\" sizes=\"auto, (max-width: 768px) 100vw, 768px\" \/><\/div><\/a>\n\t\t\t\t<div class=\"elementor-post__badge\">IBN<\/div>\n\t\t\t\t<div class=\"elementor-post__avatar\">\n\t\t\t\t\t<\/div>\n\t\t\t\t<div class=\"elementor-post__text\">\n\t\t\t\t<h3 class=\"elementor-post__title\">\n\t\t\t<a href=\"https:\/\/pomerania.org.pl\/?p=8515&amp;lang=de\" >\n\t\t\t\tEinladung zur III. Grenz\u00fcberschreitenden Bildungskonferenz\t\t\t<\/a>\n\t\t<\/h3>\n\t\t\t\t<div class=\"elementor-post__excerpt\">\n\t\t\t<p>Sehr geehrte Damen und Herren, wir laden Sie herzlich zur III. Grenz\u00fcberschreitenden Bildungskonferenz ein, die am 20.05.2026 von 10:00 bis 15:00 Uhr im Rathaus der<\/p>\n\t\t<\/div>\n\t\t\n\t\t<a class=\"elementor-post__read-more\" href=\"https:\/\/pomerania.org.pl\/?p=8515&#038;lang=de\" aria-label=\"Read more about Einladung zur III. Grenz\u00fcberschreitenden Bildungskonferenz\" >\n\t\t\tCzytaj wi\u0119cej \u00bb\t\t<\/a>\n\n\t\t\t\t<\/div>\n\t\t\t\t<div class=\"elementor-post__meta-data\">\n\t\t\t\t\t<span class=\"elementor-post-date\">\n\t\t\t17-04-2026\t\t<\/span>\n\t\t\t\t<span class=\"elementor-post-avatar\">\n\t\t\tBrak komentarzy\t\t<\/span>\n\t\t\t\t<\/div>\n\t\t\t\t\t<\/div>\n\t\t<\/article>\n\t\t\t\t<article class=\"elementor-post elementor-grid-item post-8474 post type-post status-publish format-standard has-post-thumbnail hentry category-jugendwerk\">\n\t\t\t<div class=\"elementor-post__card\">\n\t\t\t\t<a class=\"elementor-post__thumbnail__link\" href=\"https:\/\/pomerania.org.pl\/?p=8474&#038;lang=de\" ><div class=\"elementor-post__thumbnail\"><img loading=\"lazy\" decoding=\"async\" width=\"768\" height=\"576\" src=\"https:\/\/pomerania.org.pl\/wp-content\/uploads\/2026\/03\/20260319_103809-768x576.jpg\" class=\"attachment-medium_large size-medium_large wp-image-8469\" alt=\"\" srcset=\"https:\/\/pomerania.org.pl\/wp-content\/uploads\/2026\/03\/20260319_103809-768x576.jpg 768w, https:\/\/pomerania.org.pl\/wp-content\/uploads\/2026\/03\/20260319_103809-300x225.jpg 300w, https:\/\/pomerania.org.pl\/wp-content\/uploads\/2026\/03\/20260319_103809-1536x1152.jpg 1536w, https:\/\/pomerania.org.pl\/wp-content\/uploads\/2026\/03\/20260319_103809-2048x1536.jpg 2048w\" sizes=\"auto, (max-width: 768px) 100vw, 768px\" \/><\/div><\/a>\n\t\t\t\t<div class=\"elementor-post__badge\">Deutsch-Polnisches Jugendwerk<\/div>\n\t\t\t\t<div class=\"elementor-post__avatar\">\n\t\t\t\t\t<\/div>\n\t\t\t\t<div class=\"elementor-post__text\">\n\t\t\t\t<h3 class=\"elementor-post__title\">\n\t\t\t<a href=\"https:\/\/pomerania.org.pl\/?p=8474&amp;lang=de\" >\n\t\t\t\tDeutsch-polnische Lehrerkonferenz, \u015awinouj\u015bcie, 17.\u201319. M\u00e4rz 2026\t\t\t<\/a>\n\t\t<\/h3>\n\t\t\t\t<div class=\"elementor-post__excerpt\">\n\t\t\t<p>Bereits zum vierten Mal luden zwei Zentralstellen des DPJW aus der Euroregion Pomerania aktive Lehrkr\u00e4fte aus Polen und Deutschland zur Teilnahme an interkulturellen Workshops ein.<\/p>\n\t\t<\/div>\n\t\t\n\t\t<a class=\"elementor-post__read-more\" href=\"https:\/\/pomerania.org.pl\/?p=8474&#038;lang=de\" aria-label=\"Read more about Deutsch-polnische Lehrerkonferenz, \u015awinouj\u015bcie, 17.\u201319. M\u00e4rz 2026\" >\n\t\t\tCzytaj wi\u0119cej \u00bb\t\t<\/a>\n\n\t\t\t\t<\/div>\n\t\t\t\t<div class=\"elementor-post__meta-data\">\n\t\t\t\t\t<span class=\"elementor-post-date\">\n\t\t\t25-03-2026\t\t<\/span>\n\t\t\t\t<span class=\"elementor-post-avatar\">\n\t\t\tBrak komentarzy\t\t<\/span>\n\t\t\t\t<\/div>\n\t\t\t\t\t<\/div>\n\t\t<\/article>\n\t\t\t\t<article class=\"elementor-post elementor-grid-item post-8462 post type-post status-publish format-standard has-post-thumbnail hentry category-pnwm\">\n\t\t\t<div class=\"elementor-post__card\">\n\t\t\t\t<a class=\"elementor-post__thumbnail__link\" href=\"https:\/\/pomerania.org.pl\/?p=8462\" ><div class=\"elementor-post__thumbnail\"><img loading=\"lazy\" decoding=\"async\" width=\"768\" height=\"576\" src=\"https:\/\/pomerania.org.pl\/wp-content\/uploads\/2026\/03\/20260319_103809-768x576.jpg\" class=\"attachment-medium_large size-medium_large wp-image-8469\" alt=\"\" srcset=\"https:\/\/pomerania.org.pl\/wp-content\/uploads\/2026\/03\/20260319_103809-768x576.jpg 768w, https:\/\/pomerania.org.pl\/wp-content\/uploads\/2026\/03\/20260319_103809-300x225.jpg 300w, https:\/\/pomerania.org.pl\/wp-content\/uploads\/2026\/03\/20260319_103809-1536x1152.jpg 1536w, https:\/\/pomerania.org.pl\/wp-content\/uploads\/2026\/03\/20260319_103809-2048x1536.jpg 2048w\" sizes=\"auto, (max-width: 768px) 100vw, 768px\" \/><\/div><\/a>\n\t\t\t\t<div class=\"elementor-post__badge\">Polsko-Niemiecka Wsp\u00f3\u0142praca M\u0142odzie\u017cy<\/div>\n\t\t\t\t<div class=\"elementor-post__avatar\">\n\t\t\t\t\t<\/div>\n\t\t\t\t<div class=\"elementor-post__text\">\n\t\t\t\t<h3 class=\"elementor-post__title\">\n\t\t\t<a href=\"https:\/\/pomerania.org.pl\/?p=8462\" >\n\t\t\t\tPolsko-niemiecka Konferencja dla nauczycieli, \u015awinouj\u015bcie 17-19 marca 2026 r.\t\t\t<\/a>\n\t\t<\/h3>\n\t\t\t\t<div class=\"elementor-post__excerpt\">\n\t\t\t<p>Ju\u017c po raz czwarty dwie Jednostki Centralne PNWM z Euroregionu Pomerania zaprosi\u0142y aktywnych nauczycieli z Polski i Niemiec do udzia\u0142u w warsztatach interkulturowych. Zainteresowanie przeros\u0142o<\/p>\n\t\t<\/div>\n\t\t\n\t\t<a class=\"elementor-post__read-more\" href=\"https:\/\/pomerania.org.pl\/?p=8462\" aria-label=\"Read more about Polsko-niemiecka Konferencja dla nauczycieli, \u015awinouj\u015bcie 17-19 marca 2026 r.\" >\n\t\t\tCzytaj wi\u0119cej \u00bb\t\t<\/a>\n\n\t\t\t\t<\/div>\n\t\t\t\t<div class=\"elementor-post__meta-data\">\n\t\t\t\t\t<span class=\"elementor-post-date\">\n\t\t\t25-03-2026\t\t<\/span>\n\t\t\t\t<span class=\"elementor-post-avatar\">\n\t\t\tBrak komentarzy\t\t<\/span>\n\t\t\t\t<\/div>\n\t\t\t\t\t<\/div>\n\t\t<\/article>\n\t\t\t\t<article class=\"elementor-post elementor-grid-item post-8354 post type-post status-publish format-standard has-post-thumbnail hentry category-kleinprojektefonds\">\n\t\t\t<div class=\"elementor-post__card\">\n\t\t\t\t<a class=\"elementor-post__thumbnail__link\" href=\"https:\/\/pomerania.org.pl\/?p=8354&#038;lang=de\" ><div class=\"elementor-post__thumbnail\"><img loading=\"lazy\" decoding=\"async\" width=\"768\" height=\"384\" src=\"https:\/\/pomerania.org.pl\/wp-content\/uploads\/2026\/01\/20260129_105214-1-768x384.jpg\" class=\"attachment-medium_large size-medium_large wp-image-8355\" alt=\"\" srcset=\"https:\/\/pomerania.org.pl\/wp-content\/uploads\/2026\/01\/20260129_105214-1-768x384.jpg 768w, https:\/\/pomerania.org.pl\/wp-content\/uploads\/2026\/01\/20260129_105214-1-300x150.jpg 300w, https:\/\/pomerania.org.pl\/wp-content\/uploads\/2026\/01\/20260129_105214-1-1536x769.jpg 1536w, https:\/\/pomerania.org.pl\/wp-content\/uploads\/2026\/01\/20260129_105214-1-2048x1025.jpg 2048w\" sizes=\"auto, (max-width: 768px) 100vw, 768px\" \/><\/div><\/a>\n\t\t\t\t<div class=\"elementor-post__badge\">Kleinprojektefonds<\/div>\n\t\t\t\t<div class=\"elementor-post__avatar\">\n\t\t\t\t\t<\/div>\n\t\t\t\t<div class=\"elementor-post__text\">\n\t\t\t\t<h3 class=\"elementor-post__title\">\n\t\t\t<a href=\"https:\/\/pomerania.org.pl\/?p=8354&amp;lang=de\" >\n\t\t\t\tErste genehmigte Antr\u00e4ge f\u00fcr den KPF im Jahr 2026\t\t\t<\/a>\n\t\t<\/h3>\n\t\t\t\t<div class=\"elementor-post__excerpt\">\n\t\t\t<p>Am 29.01.2026 fand die erste Sitzung des Euroregionalen Lenkungskommision (ELK) des Fonds f\u00fcr Kleinprojekte f\u00fcr SZ 4.6. Kultur und nachhaltiger Tourismus. Es wurden 14 Projektantr\u00e4ge<\/p>\n\t\t<\/div>\n\t\t\n\t\t<a class=\"elementor-post__read-more\" href=\"https:\/\/pomerania.org.pl\/?p=8354&#038;lang=de\" aria-label=\"Read more about Erste genehmigte Antr\u00e4ge f\u00fcr den KPF im Jahr 2026\" >\n\t\t\tCzytaj wi\u0119cej \u00bb\t\t<\/a>\n\n\t\t\t\t<\/div>\n\t\t\t\t<div class=\"elementor-post__meta-data\">\n\t\t\t\t\t<span class=\"elementor-post-date\">\n\t\t\t30-01-2026\t\t<\/span>\n\t\t\t\t<span class=\"elementor-post-avatar\">\n\t\t\tBrak komentarzy\t\t<\/span>\n\t\t\t\t<\/div>\n\t\t\t\t\t<\/div>\n\t\t<\/article>\n\t\t\t\t<\/div>\n\t\t\n\t\t\t\t<\/div>\n\t\t\t\t<\/div>\n\t\t\t\t<div class=\"elementor-element elementor-element-ac70a35 elementor-align-right elementor-widget elementor-widget-button\" data-id=\"ac70a35\" data-element_type=\"widget\" data-widget_type=\"button.default\">\n\t\t\t\t<div class=\"elementor-widget-container\">\n\t\t\t\t\t<div class=\"elementor-button-wrapper\">\n\t\t\t<a href=\"https:\/\/pomerania.org.pl\/?page_id=8049\" class=\"elementor-button-link elementor-button elementor-size-sm\" role=\"button\">\n\t\t\t\t\t\t<span class=\"elementor-button-content-wrapper\">\n\t\t\t\t\t\t<span class=\"elementor-button-text\">Wszystkie aktualno\u015bci PNWM<\/span>\n\t\t<\/span>\n\t\t\t\t\t<\/a>\n\t\t<\/div>\n\t\t\t\t<\/div>\n\t\t\t\t<\/div>\n\t\t\t\t\t<\/div>\n\t\t<\/div>\n\t\t\t\t\t\t\t<\/div>\n\t\t<\/section>\n\t\t\t\t<section class=\"elementor-section elementor-top-section elementor-element elementor-element-294a5f8 elementor-section-boxed elementor-section-height-default elementor-section-height-default\" data-id=\"294a5f8\" data-element_type=\"section\">\n\t\t\t\t\t\t<div class=\"elementor-container elementor-column-gap-default\">\n\t\t\t\t\t<div class=\"elementor-column elementor-col-100 elementor-top-column elementor-element elementor-element-1bd1251\" data-id=\"1bd1251\" data-element_type=\"column\">\n\t\t\t<div class=\"elementor-widget-wrap elementor-element-populated\">\n\t\t\t\t\t\t\t\t<section class=\"elementor-section elementor-inner-section elementor-element elementor-element-1a8920c elementor-section-full_width elementor-section-height-default elementor-section-height-default\" data-id=\"1a8920c\" data-element_type=\"section\">\n\t\t\t\t\t\t<div class=\"elementor-container elementor-column-gap-default\">\n\t\t\t\t\t<div class=\"elementor-column elementor-col-33 elementor-inner-column elementor-element elementor-element-0fdaa9c\" data-id=\"0fdaa9c\" data-element_type=\"column\">\n\t\t\t<div class=\"elementor-widget-wrap\">\n\t\t\t\t\t\t\t\t\t<\/div>\n\t\t<\/div>\n\t\t\t\t<div class=\"elementor-column elementor-col-33 elementor-inner-column elementor-element elementor-element-7238a01\" data-id=\"7238a01\" data-element_type=\"column\">\n\t\t\t<div class=\"elementor-widget-wrap\">\n\t\t\t\t\t\t\t\t\t<\/div>\n\t\t<\/div>\n\t\t\t\t<div class=\"elementor-column elementor-col-33 elementor-inner-column elementor-element elementor-element-e8be84c\" data-id=\"e8be84c\" data-element_type=\"column\">\n\t\t\t<div class=\"elementor-widget-wrap\">\n\t\t\t\t\t\t\t\t\t<\/div>\n\t\t<\/div>\n\t\t\t\t\t\t\t<\/div>\n\t\t<\/section>\n\t\t\t\t<section class=\"elementor-section elementor-inner-section elementor-element elementor-element-5109fad elementor-section-boxed elementor-section-height-default elementor-section-height-default\" data-id=\"5109fad\" data-element_type=\"section\">\n\t\t\t\t\t\t<div class=\"elementor-container elementor-column-gap-default\">\n\t\t\t\t\t<div class=\"elementor-column elementor-col-14 elementor-inner-column elementor-element elementor-element-1ffefc4\" data-id=\"1ffefc4\" data-element_type=\"column\">\n\t\t\t<div class=\"elementor-widget-wrap elementor-element-populated\">\n\t\t\t\t\t\t\t\t<div class=\"elementor-element elementor-element-0ff6028 elementor-cta--valign-middle elementor-widget__width-initial elementor-cta--skin-classic elementor-animated-content elementor-bg-transform elementor-bg-transform-zoom-in elementor-widget elementor-widget-call-to-action\" data-id=\"0ff6028\" data-element_type=\"widget\" data-widget_type=\"call-to-action.default\">\n\t\t\t\t<div class=\"elementor-widget-container\">\n\t\t\t<link rel=\"stylesheet\" href=\"https:\/\/pomerania.org.pl\/wp-content\/plugins\/elementor-pro\/assets\/css\/widget-call-to-action.min.css\">\t\t<a class=\"elementor-cta\" href=\"https:\/\/pomerania.org.pl\/?page_id=1136\">\n\t\t\t\t\t\t\t<div class=\"elementor-cta__content\">\n\t\t\t\t\n\t\t\t\t<h3 class=\"elementor-cta__title elementor-cta__content-item elementor-content-item\">Co dotujemy?<\/h3>\n\t\t\t\t\n\t\t\t\t\t\t\t<\/div>\n\t\t\t\t\t\t<\/a>\n\t\t\t\t<\/div>\n\t\t\t\t<\/div>\n\t\t\t\t\t<\/div>\n\t\t<\/div>\n\t\t\t\t<div class=\"elementor-column elementor-col-14 elementor-inner-column elementor-element elementor-element-c5f451a\" data-id=\"c5f451a\" data-element_type=\"column\">\n\t\t\t<div class=\"elementor-widget-wrap elementor-element-populated\">\n\t\t\t\t\t\t\t\t<div class=\"elementor-element elementor-element-e9a7fe4 elementor-cta--valign-middle elementor-widget__width-initial elementor-cta--skin-classic elementor-animated-content elementor-bg-transform elementor-bg-transform-zoom-in elementor-widget elementor-widget-call-to-action\" data-id=\"e9a7fe4\" data-element_type=\"widget\" data-widget_type=\"call-to-action.default\">\n\t\t\t\t<div class=\"elementor-widget-container\">\n\t\t\t\t\t<a class=\"elementor-cta\" href=\"https:\/\/pnwm.org\/pliki-do-pobrania\/\">\n\t\t\t\t\t\t\t<div class=\"elementor-cta__content\">\n\t\t\t\t\n\t\t\t\t<h3 class=\"elementor-cta__title elementor-cta__content-item elementor-content-item\">Pliki do pobrania<\/h3>\n\t\t\t\t\n\t\t\t\t\t\t\t<\/div>\n\t\t\t\t\t\t<\/a>\n\t\t\t\t<\/div>\n\t\t\t\t<\/div>\n\t\t\t\t\t<\/div>\n\t\t<\/div>\n\t\t\t\t<div class=\"elementor-column elementor-col-14 elementor-inner-column elementor-element elementor-element-d244158\" data-id=\"d244158\" data-element_type=\"column\">\n\t\t\t<div class=\"elementor-widget-wrap elementor-element-populated\">\n\t\t\t\t\t\t\t\t<div class=\"elementor-element elementor-element-631f4d5 elementor-cta--valign-middle elementor-widget__width-initial elementor-cta--skin-classic elementor-animated-content elementor-bg-transform elementor-bg-transform-zoom-in elementor-widget elementor-widget-call-to-action\" data-id=\"631f4d5\" data-element_type=\"widget\" data-widget_type=\"call-to-action.default\">\n\t\t\t\t<div class=\"elementor-widget-container\">\n\t\t\t\t\t<a class=\"elementor-cta\" href=\"https:\/\/pomerania.org.pl\/?page_id=8278\">\n\t\t\t\t\t\t\t<div class=\"elementor-cta__content\">\n\t\t\t\t\n\t\t\t\t<h3 class=\"elementor-cta__title elementor-cta__content-item elementor-content-item\">Zasady promocji projekt\u00f3w PNWM<\/h3>\n\t\t\t\t\n\t\t\t\t\t\t\t<\/div>\n\t\t\t\t\t\t<\/a>\n\t\t\t\t<\/div>\n\t\t\t\t<\/div>\n\t\t\t\t\t<\/div>\n\t\t<\/div>\n\t\t\t\t<div class=\"elementor-column elementor-col-14 elementor-inner-column elementor-element elementor-element-4e8e16c\" data-id=\"4e8e16c\" data-element_type=\"column\" data-settings=\"{&quot;animation&quot;:&quot;none&quot;}\">\n\t\t\t<div class=\"elementor-widget-wrap elementor-element-populated\">\n\t\t\t\t\t\t\t\t<div class=\"elementor-element elementor-element-4a595fd elementor-cta--valign-middle elementor-widget__width-initial elementor-cta--skin-classic elementor-animated-content elementor-bg-transform elementor-bg-transform-zoom-in elementor-widget elementor-widget-call-to-action\" data-id=\"4a595fd\" data-element_type=\"widget\" data-widget_type=\"call-to-action.default\">\n\t\t\t\t<div class=\"elementor-widget-container\">\n\t\t\t\t\t<a class=\"elementor-cta\" href=\"https:\/\/pomerania.org.pl\/?page_id=1035\">\n\t\t\t\t\t\t\t<div class=\"elementor-cta__content\">\n\t\t\t\t\n\t\t\t\t<h3 class=\"elementor-cta__title elementor-cta__content-item elementor-content-item\">Dobre praktyki<\/h3>\n\t\t\t\t\n\t\t\t\t\t\t\t<\/div>\n\t\t\t\t\t\t<\/a>\n\t\t\t\t<\/div>\n\t\t\t\t<\/div>\n\t\t\t\t\t<\/div>\n\t\t<\/div>\n\t\t\t\t<div class=\"elementor-column elementor-col-14 elementor-inner-column elementor-element elementor-element-a0c5c88\" data-id=\"a0c5c88\" data-element_type=\"column\">\n\t\t\t<div class=\"elementor-widget-wrap elementor-element-populated\">\n\t\t\t\t\t\t\t\t<div class=\"elementor-element elementor-element-5144219 elementor-cta--valign-middle elementor-widget__width-initial elementor-cta--skin-classic elementor-animated-content elementor-bg-transform elementor-bg-transform-zoom-in elementor-widget elementor-widget-call-to-action\" data-id=\"5144219\" data-element_type=\"widget\" data-widget_type=\"call-to-action.default\">\n\t\t\t\t<div class=\"elementor-widget-container\">\n\t\t\t\t\t<a class=\"elementor-cta\" href=\"https:\/\/pomerania.org.pl\/wp-content\/uploads\/2023\/05\/wzor-wniosku-o-zaliczke.docx\">\n\t\t\t\t\t\t\t<div class=\"elementor-cta__content\">\n\t\t\t\t\n\t\t\t\t<h3 class=\"elementor-cta__title elementor-cta__content-item elementor-content-item\">Wniosek o zaliczk\u0119<\/h3>\n\t\t\t\t\n\t\t\t\t\t\t\t<\/div>\n\t\t\t\t\t\t<\/a>\n\t\t\t\t<\/div>\n\t\t\t\t<\/div>\n\t\t\t\t\t<\/div>\n\t\t<\/div>\n\t\t\t\t<div class=\"elementor-column elementor-col-14 elementor-inner-column elementor-element elementor-element-5503009\" data-id=\"5503009\" data-element_type=\"column\">\n\t\t\t<div class=\"elementor-widget-wrap elementor-element-populated\">\n\t\t\t\t\t\t\t\t<div class=\"elementor-element elementor-element-d7e0180 elementor-cta--valign-middle elementor-widget__width-initial elementor-cta--skin-classic elementor-animated-content elementor-bg-transform elementor-bg-transform-zoom-in elementor-widget elementor-widget-call-to-action\" data-id=\"d7e0180\" data-element_type=\"widget\" data-widget_type=\"call-to-action.default\">\n\t\t\t\t<div class=\"elementor-widget-container\">\n\t\t\t\t\t<a class=\"elementor-cta\" href=\"https:\/\/pomerania.org.pl\/?page_id=4413\">\n\t\t\t\t\t\t\t<div class=\"elementor-cta__content\">\n\t\t\t\t\n\t\t\t\t<h3 class=\"elementor-cta__title elementor-cta__content-item elementor-content-item\">Rozliczanie dotacji dla po\u015brednik\u00f3w j\u0119zykowych<\/h3>\n\t\t\t\t\n\t\t\t\t\t\t\t<\/div>\n\t\t\t\t\t\t<\/a>\n\t\t\t\t<\/div>\n\t\t\t\t<\/div>\n\t\t\t\t\t<\/div>\n\t\t<\/div>\n\t\t\t\t<div class=\"elementor-column elementor-col-14 elementor-inner-column elementor-element elementor-element-108c79c\" data-id=\"108c79c\" data-element_type=\"column\">\n\t\t\t<div class=\"elementor-widget-wrap\">\n\t\t\t\t\t\t\t\t\t<\/div>\n\t\t<\/div>\n\t\t\t\t\t\t\t<\/div>\n\t\t<\/section>\n\t\t\t\t\t<\/div>\n\t\t<\/div>\n\t\t\t\t\t\t\t<\/div>\n\t\t<\/section>\n\t\t\t\t<section class=\"elementor-section elementor-top-section elementor-element elementor-element-9ba4a78 elementor-section-boxed elementor-section-height-default elementor-section-height-default\" data-id=\"9ba4a78\" data-element_type=\"section\">\n\t\t\t\t\t\t<div class=\"elementor-container elementor-column-gap-default\">\n\t\t\t\t\t<div class=\"elementor-column elementor-col-100 elementor-top-column elementor-element elementor-element-8f407fd\" data-id=\"8f407fd\" data-element_type=\"column\">\n\t\t\t<div class=\"elementor-widget-wrap elementor-element-populated\">\n\t\t\t\t\t\t\t\t<section class=\"elementor-section elementor-inner-section elementor-element elementor-element-9fee5d0 elementor-section-boxed elementor-section-height-default elementor-section-height-default\" data-id=\"9fee5d0\" data-element_type=\"section\">\n\t\t\t\t\t\t<div class=\"elementor-container elementor-column-gap-default\">\n\t\t\t\t\t<div class=\"elementor-column elementor-col-50 elementor-inner-column elementor-element elementor-element-4b5c168\" data-id=\"4b5c168\" data-element_type=\"column\">\n\t\t\t<div class=\"elementor-widget-wrap elementor-element-populated\">\n\t\t\t\t\t\t\t\t<div class=\"elementor-element elementor-element-c9a61f4 elementor-align-center elementor-widget elementor-widget-button\" data-id=\"c9a61f4\" data-element_type=\"widget\" data-widget_type=\"button.default\">\n\t\t\t\t<div class=\"elementor-widget-container\">\n\t\t\t\t\t<div class=\"elementor-button-wrapper\">\n\t\t\t<a href=\"https:\/\/oase.dpjw.org\/oase\/oase_pl.html#oase_root\" class=\"elementor-button-link elementor-button elementor-size-sm\" role=\"button\">\n\t\t\t\t\t\t<span class=\"elementor-button-content-wrapper\">\n\t\t\t\t\t\t<span class=\"elementor-button-text\">Z\u0142\u00f3\u017c wniosek o dofinansowanie PNWM<\/span>\n\t\t<\/span>\n\t\t\t\t\t<\/a>\n\t\t<\/div>\n\t\t\t\t<\/div>\n\t\t\t\t<\/div>\n\t\t\t\t<div class=\"elementor-element elementor-element-e1e0a1f elementor-widget elementor-widget-text-editor\" data-id=\"e1e0a1f\" data-element_type=\"widget\" data-widget_type=\"text-editor.default\">\n\t\t\t\t<div class=\"elementor-widget-container\">\n\t\t\t<style>\/*! elementor - v3.11.2 - 22-02-2023 *\/\n.elementor-widget-text-editor.elementor-drop-cap-view-stacked .elementor-drop-cap{background-color:#818a91;color:#fff}.elementor-widget-text-editor.elementor-drop-cap-view-framed .elementor-drop-cap{color:#818a91;border:3px solid;background-color:transparent}.elementor-widget-text-editor:not(.elementor-drop-cap-view-default) .elementor-drop-cap{margin-top:8px}.elementor-widget-text-editor:not(.elementor-drop-cap-view-default) .elementor-drop-cap-letter{width:1em;height:1em}.elementor-widget-text-editor .elementor-drop-cap{float:left;text-align:center;line-height:1;font-size:50px}.elementor-widget-text-editor .elementor-drop-cap-letter{display:inline-block}<\/style>\t\t\t\t&nbsp;\n<p style=\"text-align: justify;\">Polsko-Niemiecka Wsp\u00f3\u0142praca M\u0142odzie\u017cy\u00a0(PNWM) wspiera\u00a0<strong>spotkania i wsp\u00f3\u0142prac\u0119 m\u0142odych Polak\u00f3w i Niemc\u00f3w<\/strong><strong>. <\/strong>PNWM\u00a0 u\u0142atwia nawi\u0105zywanie kontakt\u00f3w mi\u0119dzy m\u0142odzie\u017c\u0105 polsk\u0105 i niemieck\u0105, a tak\u017ce dofinansowuje spotkania m\u0142odzie\u017cowe. Opiekunom i liderom grup przekazuje wiedz\u0119 merytoryczn\u0105 i udost\u0119pnia publikacje i ciekawe materia\u0142y.<\/p>\n\n<p style=\"text-align: justify\">Stowarzyszenie Gmin Polskich Euroregionu Pomerania uzyska\u0142o w 1996 roku uprawnienia <strong>Jednostki Centralnej Polsko-Niemieckiej Wsp\u00f3\u0142pracy M\u0142odzie\u017cy<\/strong> do koordynowania wsp\u00f3\u0142pracy w zakresie wymiany szkolnej i pozaszkolnej na obszarze wojew\u00f3dztwa zachodniopomorskiego.\t\t\t\t\t\t<\/div>\n\t\t\t\t<\/div>\n\t\t\t\t\t<\/div>\n\t\t<\/div>\n\t\t\t\t<div class=\"elementor-column elementor-col-50 elementor-inner-column elementor-element elementor-element-59ae036\" data-id=\"59ae036\" data-element_type=\"column\">\n\t\t\t<div class=\"elementor-widget-wrap elementor-element-populated\">\n\t\t\t\t\t\t\t\t<div class=\"elementor-element elementor-element-35fafc1 elementor-invisible elementor-widget elementor-widget-image\" data-id=\"35fafc1\" data-element_type=\"widget\" data-settings=\"{&quot;_animation&quot;:&quot;zoomIn&quot;}\" data-widget_type=\"image.default\">\n\t\t\t\t<div class=\"elementor-widget-container\">\n\t\t\t<style>\/*! elementor - v3.11.2 - 22-02-2023 *\/\n.elementor-widget-image{text-align:center}.elementor-widget-image a{display:inline-block}.elementor-widget-image a img[src$=\".svg\"]{width:48px}.elementor-widget-image img{vertical-align:middle;display:inline-block}<\/style>\t\t\t\t\t\t\t\t\t\t\t\t<img loading=\"lazy\" decoding=\"async\" width=\"640\" height=\"425\" src=\"https:\/\/pomerania.org.pl\/wp-content\/uploads\/2023\/01\/DSC_0109.jpg\" class=\"attachment-large size-large wp-image-1022\" alt=\"uczestnicy polsko-niemieckiego projektu teatralnego\" srcset=\"https:\/\/pomerania.org.pl\/wp-content\/uploads\/2023\/01\/DSC_0109.jpg 640w, https:\/\/pomerania.org.pl\/wp-content\/uploads\/2023\/01\/DSC_0109-300x199.jpg 300w\" sizes=\"auto, (max-width: 640px) 100vw, 640px\" \/>\t\t\t\t\t\t\t\t\t\t\t\t\t\t\t<\/div>\n\t\t\t\t<\/div>\n\t\t\t\t\t<\/div>\n\t\t<\/div>\n\t\t\t\t\t\t\t<\/div>\n\t\t<\/section>\n\t\t\t\t\t<\/div>\n\t\t<\/div>\n\t\t\t\t\t\t\t<\/div>\n\t\t<\/section>\n\t\t\t\t<section class=\"elementor-section elementor-top-section elementor-element elementor-element-35f03ff elementor-section-boxed elementor-section-height-default elementor-section-height-default\" data-id=\"35f03ff\" data-element_type=\"section\">\n\t\t\t\t\t\t<div class=\"elementor-container elementor-column-gap-default\">\n\t\t\t\t\t<div class=\"elementor-column elementor-col-100 elementor-top-column elementor-element elementor-element-f844675\" data-id=\"f844675\" data-element_type=\"column\">\n\t\t\t<div class=\"elementor-widget-wrap elementor-element-populated\">\n\t\t\t\t\t\t\t\t<section class=\"elementor-section elementor-inner-section elementor-element elementor-element-54e1b4b elementor-section-boxed elementor-section-height-default elementor-section-height-default\" data-id=\"54e1b4b\" data-element_type=\"section\">\n\t\t\t\t\t\t<div class=\"elementor-container elementor-column-gap-default\">\n\t\t\t\t\t<div class=\"elementor-column elementor-col-50 elementor-inner-column elementor-element elementor-element-dd4f7ef\" data-id=\"dd4f7ef\" data-element_type=\"column\">\n\t\t\t<div class=\"elementor-widget-wrap elementor-element-populated\">\n\t\t\t\t\t\t\t\t<div class=\"elementor-element elementor-element-bf557a8 elementor-invisible elementor-widget elementor-widget-image\" data-id=\"bf557a8\" data-element_type=\"widget\" data-settings=\"{&quot;_animation&quot;:&quot;zoomIn&quot;}\" data-widget_type=\"image.default\">\n\t\t\t\t<div class=\"elementor-widget-container\">\n\t\t\t\t\t\t\t\t\t\t\t\t\t\t\t\t<a href=\"https:\/\/pnwm.org\/\">\n\t\t\t\t\t\t\t<img loading=\"lazy\" decoding=\"async\" width=\"800\" height=\"374\" src=\"https:\/\/pomerania.org.pl\/wp-content\/uploads\/2023\/01\/screen-pnwm.png\" class=\"attachment-large size-large wp-image-1062\" alt=\"screen strony www.pnwm.org\" srcset=\"https:\/\/pomerania.org.pl\/wp-content\/uploads\/2023\/01\/screen-pnwm.png 1920w, https:\/\/pomerania.org.pl\/wp-content\/uploads\/2023\/01\/screen-pnwm-300x140.png 300w, https:\/\/pomerania.org.pl\/wp-content\/uploads\/2023\/01\/screen-pnwm-768x359.png 768w, https:\/\/pomerania.org.pl\/wp-content\/uploads\/2023\/01\/screen-pnwm-1536x718.png 1536w\" sizes=\"auto, (max-width: 800px) 100vw, 800px\" \/>\t\t\t\t\t\t\t\t<\/a>\n\t\t\t\t\t\t\t\t\t\t\t\t\t\t\t<\/div>\n\t\t\t\t<\/div>\n\t\t\t\t\t<\/div>\n\t\t<\/div>\n\t\t\t\t<div class=\"elementor-column elementor-col-50 elementor-inner-column elementor-element elementor-element-25b4f0c\" data-id=\"25b4f0c\" data-element_type=\"column\">\n\t\t\t<div class=\"elementor-widget-wrap elementor-element-populated\">\n\t\t\t\t\t\t\t\t<div class=\"elementor-element elementor-element-e5dfb38 elementor-widget elementor-widget-heading\" data-id=\"e5dfb38\" data-element_type=\"widget\" data-widget_type=\"heading.default\">\n\t\t\t\t<div class=\"elementor-widget-container\">\n\t\t\t<style>\/*! elementor - v3.11.2 - 22-02-2023 *\/\n.elementor-heading-title{padding:0;margin:0;line-height:1}.elementor-widget-heading .elementor-heading-title[class*=elementor-size-]>a{color:inherit;font-size:inherit;line-height:inherit}.elementor-widget-heading .elementor-heading-title.elementor-size-small{font-size:15px}.elementor-widget-heading .elementor-heading-title.elementor-size-medium{font-size:19px}.elementor-widget-heading .elementor-heading-title.elementor-size-large{font-size:29px}.elementor-widget-heading .elementor-heading-title.elementor-size-xl{font-size:39px}.elementor-widget-heading .elementor-heading-title.elementor-size-xxl{font-size:59px}<\/style><h3 class=\"elementor-heading-title elementor-size-default\">Kontakt tel. kom. 792 789 233<\/h3>\t\t<\/div>\n\t\t\t\t<\/div>\n\t\t\t\t<div class=\"elementor-element elementor-element-470ec6c elementor-widget elementor-widget-text-editor\" data-id=\"470ec6c\" data-element_type=\"widget\" data-widget_type=\"text-editor.default\">\n\t\t\t\t<div class=\"elementor-widget-container\">\n\t\t\t\t\t\t\t<p><span style=\"background-color: var( --e-global-color-c15569b ); color: var( --e-global-color-text ); font-family: var( --e-global-typography-text-font-family ), Sans-serif; font-size: var( --e-global-typography-text-font-size ); font-style: var( --e-global-typography-text-font-style ); font-weight: var( --e-global-typography-text-font-weight ); text-transform: var( --e-global-typography-text-text-transform );\">Iwona Kowalczyk &#8211; Kierownik zespo\u0142u ds. PNWM<\/span><\/p><p><a href=\"mailto:iwona.kowalczyk@pomerania.org.pl\"><img loading=\"lazy\" decoding=\"async\" class=\"alignnone  wp-image-558\" src=\"https:\/\/pomerania.org.pl\/wp-content\/uploads\/2023\/01\/mail-300x202.jpg\" alt=\"\" width=\"31\" height=\"21\" \/>iwona.kowalczyk@pomerania.org.pl<\/a><\/p><p><a href=\"mailto:iwona.kowalczyk@pomerania.org.pl\"><img loading=\"lazy\" decoding=\"async\" class=\"alignnone  wp-image-558\" src=\"https:\/\/pomerania.org.pl\/wp-content\/uploads\/2023\/01\/mail-300x202.jpg\" alt=\"\" width=\"31\" height=\"21\" \/><\/a><a href=\"mailto:pnwm@pomerania.org.pl\">pnwm@pomerania.org.pl<\/a><\/p><p><img loading=\"lazy\" decoding=\"async\" class=\"alignnone  wp-image-559\" src=\"https:\/\/pomerania.org.pl\/wp-content\/uploads\/2023\/01\/telefon-275x300.jpg\" alt=\"\" width=\"23\" height=\"25\" srcset=\"https:\/\/pomerania.org.pl\/wp-content\/uploads\/2023\/01\/telefon-275x300.jpg 275w, https:\/\/pomerania.org.pl\/wp-content\/uploads\/2023\/01\/telefon.jpg 335w\" sizes=\"auto, (max-width: 23px) 100vw, 23px\" \/>+48 91 486 08 05<\/p><p>\u00a0<\/p><p>Monika Dzia\u0142oszewska-Gizicka<\/p><p><a href=\"mailto:iwona.kowalczyk@pomerania.org.pl\"><img loading=\"lazy\" decoding=\"async\" class=\"alignnone  wp-image-558\" src=\"https:\/\/pomerania.org.pl\/wp-content\/uploads\/2023\/01\/mail-300x202.jpg\" alt=\"\" width=\"31\" height=\"21\" \/><\/a><a href=\"mailto:m.dzialoszewska-gizicka@pomerania.org.pl\">m.dzialoszewska-gizicka@pomerania.org.pl<\/a><\/p><p><a href=\"mailto:iwona.kowalczyk@pomerania.org.pl\"><img loading=\"lazy\" decoding=\"async\" class=\"alignnone  wp-image-558\" src=\"https:\/\/pomerania.org.pl\/wp-content\/uploads\/2023\/01\/mail-300x202.jpg\" alt=\"\" width=\"31\" height=\"21\" \/><\/a><a href=\"mailto:pnwm@pomerania.org.pl\">pnwm@pomerania.org.pl<\/a><\/p><p><img loading=\"lazy\" decoding=\"async\" class=\"alignnone  wp-image-559\" src=\"https:\/\/pomerania.org.pl\/wp-content\/uploads\/2023\/01\/telefon-275x300.jpg\" alt=\"\" width=\"23\" height=\"25\" srcset=\"https:\/\/pomerania.org.pl\/wp-content\/uploads\/2023\/01\/telefon-275x300.jpg 275w, https:\/\/pomerania.org.pl\/wp-content\/uploads\/2023\/01\/telefon.jpg 335w\" sizes=\"auto, (max-width: 23px) 100vw, 23px\" \/>+48 91 434 78 38<\/p>\t\t\t\t\t\t<\/div>\n\t\t\t\t<\/div>\n\t\t\t\t\t<\/div>\n\t\t<\/div>\n\t\t\t\t\t\t\t<\/div>\n\t\t<\/section>\n\t\t\t\t\t<\/div>\n\t\t<\/div>\n\t\t\t\t\t\t\t<\/div>\n\t\t<\/section>\n\t\t\t\t\t\t\t<\/div>\n\t\t","protected":false},"excerpt":{"rendered":"<p>Wszystkie aktualno\u015bci PNWM Co dotujemy? Pliki do pobrania Zasady promocji projekt\u00f3w PNWM Dobre praktyki Wniosek o zaliczk\u0119 Rozliczanie dotacji dla po\u015brednik\u00f3w j\u0119zykowych Z\u0142\u00f3\u017c wniosek o dofinansowanie PNWM &nbsp; Polsko-Niemiecka Wsp\u00f3\u0142praca M\u0142odzie\u017cy\u00a0(PNWM) wspiera\u00a0spotkania i wsp\u00f3\u0142prac\u0119 m\u0142odych Polak\u00f3w i Niemc\u00f3w. PNWM\u00a0 u\u0142atwia nawi\u0105zywanie kontakt\u00f3w mi\u0119dzy m\u0142odzie\u017c\u0105 polsk\u0105 i niemieck\u0105, a tak\u017ce dofinansowuje spotkania m\u0142odzie\u017cowe. Opiekunom i liderom [&hellip;]<\/p>\n","protected":false},"author":1,"featured_media":0,"parent":0,"menu_order":0,"comment_status":"closed","ping_status":"closed","template":"","meta":{"footnotes":""},"class_list":["post-471","page","type-page","status-publish","hentry"],"post_mailing_queue_ids":[],"_links":{"self":[{"href":"https:\/\/pomerania.org.pl\/index.php?rest_route=\/wp\/v2\/pages\/471","targetHints":{"allow":["GET"]}}],"collection":[{"href":"https:\/\/pomerania.org.pl\/index.php?rest_route=\/wp\/v2\/pages"}],"about":[{"href":"https:\/\/pomerania.org.pl\/index.php?rest_route=\/wp\/v2\/types\/page"}],"author":[{"embeddable":true,"href":"https:\/\/pomerania.org.pl\/index.php?rest_route=\/wp\/v2\/users\/1"}],"replies":[{"embeddable":true,"href":"https:\/\/pomerania.org.pl\/index.php?rest_route=%2Fwp%2Fv2%2Fcomments&post=471"}],"version-history":[{"count":148,"href":"https:\/\/pomerania.org.pl\/index.php?rest_route=\/wp\/v2\/pages\/471\/revisions"}],"predecessor-version":[{"id":8490,"href":"https:\/\/pomerania.org.pl\/index.php?rest_route=\/wp\/v2\/pages\/471\/revisions\/8490"}],"wp:attachment":[{"href":"https:\/\/pomerania.org.pl\/index.php?rest_route=%2Fwp%2Fv2%2Fmedia&parent=471"}],"curies":[{"name":"wp","href":"https:\/\/api.w.org\/{rel}","templated":true}]}}