{"id":5162,"date":"2024-01-30T11:28:57","date_gmt":"2024-01-30T10:28:57","guid":{"rendered":"https:\/\/pomerania.org.pl\/?page_id=5162"},"modified":"2025-11-14T12:03:38","modified_gmt":"2025-11-14T11:03:38","slug":"siec-informacyjno-doradcza","status":"publish","type":"page","link":"https:\/\/pomerania.org.pl\/?page_id=5162","title":{"rendered":"Sie\u0107 Informacyjno-Doradcza"},"content":{"rendered":"\t\t<div data-elementor-type=\"wp-page\" data-elementor-id=\"5162\" class=\"elementor elementor-5162\">\n\t\t\t\t\t\t\t\t\t<section class=\"elementor-section elementor-top-section elementor-element elementor-element-e89ef9c elementor-section-boxed elementor-section-height-default elementor-section-height-default\" data-id=\"e89ef9c\" data-element_type=\"section\">\n\t\t\t\t\t\t<div class=\"elementor-container elementor-column-gap-default\">\n\t\t\t\t\t<div class=\"elementor-column elementor-col-100 elementor-top-column elementor-element elementor-element-9c1f9f0\" data-id=\"9c1f9f0\" data-element_type=\"column\">\n\t\t\t<div class=\"elementor-widget-wrap elementor-element-populated\">\n\t\t\t\t\t\t\t\t<div class=\"elementor-element elementor-element-96d6bae elementor-grid-3 elementor-grid-tablet-2 elementor-grid-mobile-1 elementor-posts--thumbnail-top elementor-posts--show-avatar elementor-card-shadow-yes elementor-posts__hover-gradient elementor-widget elementor-widget-posts\" data-id=\"96d6bae\" data-element_type=\"widget\" data-settings=\"{&quot;cards_columns&quot;:&quot;3&quot;,&quot;cards_columns_tablet&quot;:&quot;2&quot;,&quot;cards_columns_mobile&quot;:&quot;1&quot;,&quot;cards_row_gap&quot;:{&quot;unit&quot;:&quot;px&quot;,&quot;size&quot;:35,&quot;sizes&quot;:[]},&quot;cards_row_gap_tablet&quot;:{&quot;unit&quot;:&quot;px&quot;,&quot;size&quot;:&quot;&quot;,&quot;sizes&quot;:[]},&quot;cards_row_gap_mobile&quot;:{&quot;unit&quot;:&quot;px&quot;,&quot;size&quot;:&quot;&quot;,&quot;sizes&quot;:[]}}\" sie=\"\" data-widget_type=\"posts.cards\">\n\t\t\t\t<div class=\"elementor-widget-container\">\n\t\t\t<link rel=\"stylesheet\" href=\"https:\/\/pomerania.org.pl\/wp-content\/plugins\/elementor-pro\/assets\/css\/widget-posts.min.css\">\t\t<div class=\"elementor-posts-container elementor-posts elementor-posts--skin-cards elementor-grid\">\n\t\t\t\t<article class=\"elementor-post elementor-grid-item post-8634 post type-post status-publish format-standard has-post-thumbnail hentry category-sid\">\n\t\t\t<div class=\"elementor-post__card\">\n\t\t\t\t<a class=\"elementor-post__thumbnail__link\" href=\"https:\/\/pomerania.org.pl\/?p=8634\" ><div class=\"elementor-post__thumbnail\"><img loading=\"lazy\" decoding=\"async\" width=\"300\" height=\"171\" src=\"https:\/\/pomerania.org.pl\/wp-content\/uploads\/2026\/04\/zycie-i-praca-300x171.jpg\" class=\"attachment-medium size-medium wp-image-8635\" alt=\"\" srcset=\"https:\/\/pomerania.org.pl\/wp-content\/uploads\/2026\/04\/zycie-i-praca-300x171.jpg 300w, https:\/\/pomerania.org.pl\/wp-content\/uploads\/2026\/04\/zycie-i-praca-768x437.jpg 768w, https:\/\/pomerania.org.pl\/wp-content\/uploads\/2026\/04\/zycie-i-praca.jpg 1386w\" sizes=\"auto, (max-width: 300px) 100vw, 300px\" \/><\/div><\/a>\n\t\t\t\t<div class=\"elementor-post__badge\">Sie\u0107 Informacyjno-Doradcza<\/div>\n\t\t\t\t<div class=\"elementor-post__avatar\">\n\t\t\t\t\t<\/div>\n\t\t\t\t<div class=\"elementor-post__text\">\n\t\t\t\t<h3 class=\"elementor-post__title\">\n\t\t\t<a href=\"https:\/\/pomerania.org.pl\/?p=8634\" >\n\t\t\t\tDzie\u0144 informacyjno-doradczy &#8222;\u017bycie i praca w Euroregionie Pomerania&#8221; &#8211; ZAPRASZAMY\t\t\t<\/a>\n\t\t<\/h3>\n\t\t\t\t<div class=\"elementor-post__excerpt\">\n\t\t\t\t\t<\/div>\n\t\t\n\t\t<a class=\"elementor-post__read-more\" href=\"https:\/\/pomerania.org.pl\/?p=8634\" aria-label=\"Read more about Dzie\u0144 informacyjno-doradczy &#8222;\u017bycie i praca w Euroregionie Pomerania&#8221; &#8211; ZAPRASZAMY\" >\n\t\t\tCzytaj wi\u0119cej \u00bb\t\t<\/a>\n\n\t\t\t\t<\/div>\n\t\t\t\t<div class=\"elementor-post__meta-data\">\n\t\t\t\t\t<span class=\"elementor-post-date\">\n\t\t\t30-04-2026\t\t<\/span>\n\t\t\t\t<span class=\"elementor-post-avatar\">\n\t\t\tBrak komentarzy\t\t<\/span>\n\t\t\t\t<\/div>\n\t\t\t\t\t<\/div>\n\t\t<\/article>\n\t\t\t\t<article class=\"elementor-post elementor-grid-item post-8595 post type-post status-publish format-standard has-post-thumbnail hentry category-ibn\">\n\t\t\t<div class=\"elementor-post__card\">\n\t\t\t\t<a class=\"elementor-post__thumbnail__link\" href=\"https:\/\/pomerania.org.pl\/?p=8595&#038;lang=de\" ><div class=\"elementor-post__thumbnail\"><img loading=\"lazy\" decoding=\"async\" width=\"300\" height=\"200\" src=\"https:\/\/pomerania.org.pl\/wp-content\/uploads\/2026\/04\/szkolenie_23_04_2026_81-300x200.jpg\" class=\"attachment-medium size-medium wp-image-8606\" alt=\"\" srcset=\"https:\/\/pomerania.org.pl\/wp-content\/uploads\/2026\/04\/szkolenie_23_04_2026_81-300x200.jpg 300w, https:\/\/pomerania.org.pl\/wp-content\/uploads\/2026\/04\/szkolenie_23_04_2026_81-768x513.jpg 768w, https:\/\/pomerania.org.pl\/wp-content\/uploads\/2026\/04\/szkolenie_23_04_2026_81-1536x1025.jpg 1536w, https:\/\/pomerania.org.pl\/wp-content\/uploads\/2026\/04\/szkolenie_23_04_2026_81-2048x1367.jpg 2048w\" sizes=\"auto, (max-width: 300px) 100vw, 300px\" \/><\/div><\/a>\n\t\t\t\t<div class=\"elementor-post__badge\">IBN<\/div>\n\t\t\t\t<div class=\"elementor-post__avatar\">\n\t\t\t\t\t<\/div>\n\t\t\t\t<div class=\"elementor-post__text\">\n\t\t\t\t<h3 class=\"elementor-post__title\">\n\t\t\t<a href=\"https:\/\/pomerania.org.pl\/?p=8595&amp;lang=de\" >\n\t\t\t\tK\u00fcnstliche Intelligenz in der Praxis\t\t\t<\/a>\n\t\t<\/h3>\n\t\t\t\t<div class=\"elementor-post__excerpt\">\n\t\t\t<p>Am 23. April 2026 fand im Marschallamt in Stettin, im Delfin-Saal, eine Fortbildung mit dem Titel \u201eK\u00fcnstliche Intelligenz in der Praxis \u2013 wie man effizienter<\/p>\n\t\t<\/div>\n\t\t\n\t\t<a class=\"elementor-post__read-more\" href=\"https:\/\/pomerania.org.pl\/?p=8595&#038;lang=de\" aria-label=\"Read more about K\u00fcnstliche Intelligenz in der Praxis\" >\n\t\t\tCzytaj wi\u0119cej \u00bb\t\t<\/a>\n\n\t\t\t\t<\/div>\n\t\t\t\t<div class=\"elementor-post__meta-data\">\n\t\t\t\t\t<span class=\"elementor-post-date\">\n\t\t\t24-04-2026\t\t<\/span>\n\t\t\t\t<span class=\"elementor-post-avatar\">\n\t\t\tBrak komentarzy\t\t<\/span>\n\t\t\t\t<\/div>\n\t\t\t\t\t<\/div>\n\t\t<\/article>\n\t\t\t\t<article class=\"elementor-post elementor-grid-item post-8575 post type-post status-publish format-standard has-post-thumbnail hentry category-sid\">\n\t\t\t<div class=\"elementor-post__card\">\n\t\t\t\t<a class=\"elementor-post__thumbnail__link\" href=\"https:\/\/pomerania.org.pl\/?p=8575\" ><div class=\"elementor-post__thumbnail\"><img loading=\"lazy\" decoding=\"async\" width=\"300\" height=\"200\" src=\"https:\/\/pomerania.org.pl\/wp-content\/uploads\/2026\/04\/szkolenie_23_04_2026_71-300x200.jpg\" class=\"attachment-medium size-medium wp-image-8585\" alt=\"\" srcset=\"https:\/\/pomerania.org.pl\/wp-content\/uploads\/2026\/04\/szkolenie_23_04_2026_71-300x200.jpg 300w, https:\/\/pomerania.org.pl\/wp-content\/uploads\/2026\/04\/szkolenie_23_04_2026_71-768x513.jpg 768w, https:\/\/pomerania.org.pl\/wp-content\/uploads\/2026\/04\/szkolenie_23_04_2026_71-1536x1025.jpg 1536w, https:\/\/pomerania.org.pl\/wp-content\/uploads\/2026\/04\/szkolenie_23_04_2026_71-2048x1367.jpg 2048w\" sizes=\"auto, (max-width: 300px) 100vw, 300px\" \/><\/div><\/a>\n\t\t\t\t<div class=\"elementor-post__badge\">Sie\u0107 Informacyjno-Doradcza<\/div>\n\t\t\t\t<div class=\"elementor-post__avatar\">\n\t\t\t\t\t<\/div>\n\t\t\t\t<div class=\"elementor-post__text\">\n\t\t\t\t<h3 class=\"elementor-post__title\">\n\t\t\t<a href=\"https:\/\/pomerania.org.pl\/?p=8575\" >\n\t\t\t\tSztuczna inteligencja w praktyce\t\t\t<\/a>\n\t\t<\/h3>\n\t\t\t\t<div class=\"elementor-post__excerpt\">\n\t\t\t<p>W dniu 23 kwietnia 2026 roku w Urz\u0119dzie Marsza\u0142kowskim w Szczecinie, w Sali Delfin, odby\u0142o si\u0119 szkolenie pn. \u201eSztuczna inteligencja w praktyce \u2013 jak pracowa\u0107<\/p>\n\t\t<\/div>\n\t\t\n\t\t<a class=\"elementor-post__read-more\" href=\"https:\/\/pomerania.org.pl\/?p=8575\" aria-label=\"Read more about Sztuczna inteligencja w praktyce\" >\n\t\t\tCzytaj wi\u0119cej \u00bb\t\t<\/a>\n\n\t\t\t\t<\/div>\n\t\t\t\t<div class=\"elementor-post__meta-data\">\n\t\t\t\t\t<span class=\"elementor-post-date\">\n\t\t\t24-04-2026\t\t<\/span>\n\t\t\t\t<span class=\"elementor-post-avatar\">\n\t\t\tBrak komentarzy\t\t<\/span>\n\t\t\t\t<\/div>\n\t\t\t\t\t<\/div>\n\t\t<\/article>\n\t\t\t\t<article class=\"elementor-post elementor-grid-item post-8515 post type-post status-publish format-standard has-post-thumbnail hentry category-ibn\">\n\t\t\t<div class=\"elementor-post__card\">\n\t\t\t\t<a class=\"elementor-post__thumbnail__link\" href=\"https:\/\/pomerania.org.pl\/?p=8515&#038;lang=de\" ><div class=\"elementor-post__thumbnail\"><img loading=\"lazy\" decoding=\"async\" width=\"300\" height=\"169\" src=\"https:\/\/pomerania.org.pl\/wp-content\/uploads\/2026\/04\/III-KE-de-300x169.png\" class=\"attachment-medium size-medium wp-image-8519\" alt=\"\" srcset=\"https:\/\/pomerania.org.pl\/wp-content\/uploads\/2026\/04\/III-KE-de-300x169.png 300w, https:\/\/pomerania.org.pl\/wp-content\/uploads\/2026\/04\/III-KE-de-768x432.png 768w, https:\/\/pomerania.org.pl\/wp-content\/uploads\/2026\/04\/III-KE-de-1536x864.png 1536w, https:\/\/pomerania.org.pl\/wp-content\/uploads\/2026\/04\/III-KE-de.png 1920w\" sizes=\"auto, (max-width: 300px) 100vw, 300px\" \/><\/div><\/a>\n\t\t\t\t<div class=\"elementor-post__badge\">IBN<\/div>\n\t\t\t\t<div class=\"elementor-post__avatar\">\n\t\t\t\t\t<\/div>\n\t\t\t\t<div class=\"elementor-post__text\">\n\t\t\t\t<h3 class=\"elementor-post__title\">\n\t\t\t<a href=\"https:\/\/pomerania.org.pl\/?p=8515&amp;lang=de\" >\n\t\t\t\tEinladung zur 3. Grenz\u00fcberschreitenden Bildungskonferenz\t\t\t<\/a>\n\t\t<\/h3>\n\t\t\t\t<div class=\"elementor-post__excerpt\">\n\t\t\t<p>Sehr geehrte Damen und Herren, wir laden Sie herzlich zur 3. Grenz\u00fcberschreitenden Bildungskonferenz ein, die am 20.05.2026 von 10:00 bis 15:00 Uhr im Rathaus der<\/p>\n\t\t<\/div>\n\t\t\n\t\t<a class=\"elementor-post__read-more\" href=\"https:\/\/pomerania.org.pl\/?p=8515&#038;lang=de\" aria-label=\"Read more about Einladung zur 3. Grenz\u00fcberschreitenden Bildungskonferenz\" >\n\t\t\tCzytaj wi\u0119cej \u00bb\t\t<\/a>\n\n\t\t\t\t<\/div>\n\t\t\t\t<div class=\"elementor-post__meta-data\">\n\t\t\t\t\t<span class=\"elementor-post-date\">\n\t\t\t17-04-2026\t\t<\/span>\n\t\t\t\t<span class=\"elementor-post-avatar\">\n\t\t\tBrak komentarzy\t\t<\/span>\n\t\t\t\t<\/div>\n\t\t\t\t\t<\/div>\n\t\t<\/article>\n\t\t\t\t<article class=\"elementor-post elementor-grid-item post-8511 post type-post status-publish format-standard has-post-thumbnail hentry category-sid\">\n\t\t\t<div class=\"elementor-post__card\">\n\t\t\t\t<a class=\"elementor-post__thumbnail__link\" href=\"https:\/\/pomerania.org.pl\/?p=8511\" ><div class=\"elementor-post__thumbnail\"><img loading=\"lazy\" decoding=\"async\" width=\"300\" height=\"169\" src=\"https:\/\/pomerania.org.pl\/wp-content\/uploads\/2026\/04\/III-KE-300x169.png\" class=\"attachment-medium size-medium wp-image-8518\" alt=\"\" srcset=\"https:\/\/pomerania.org.pl\/wp-content\/uploads\/2026\/04\/III-KE-300x169.png 300w, https:\/\/pomerania.org.pl\/wp-content\/uploads\/2026\/04\/III-KE-768x432.png 768w, https:\/\/pomerania.org.pl\/wp-content\/uploads\/2026\/04\/III-KE-1536x864.png 1536w, https:\/\/pomerania.org.pl\/wp-content\/uploads\/2026\/04\/III-KE.png 1920w\" sizes=\"auto, (max-width: 300px) 100vw, 300px\" \/><\/div><\/a>\n\t\t\t\t<div class=\"elementor-post__badge\">Sie\u0107 Informacyjno-Doradcza<\/div>\n\t\t\t\t<div class=\"elementor-post__avatar\">\n\t\t\t\t\t<\/div>\n\t\t\t\t<div class=\"elementor-post__text\">\n\t\t\t\t<h3 class=\"elementor-post__title\">\n\t\t\t<a href=\"https:\/\/pomerania.org.pl\/?p=8511\" >\n\t\t\t\tZapraszamy na III. Transgraniczn\u0105 Konferencj\u0119 Edukacyjn\u0105\t\t\t<\/a>\n\t\t<\/h3>\n\t\t\t\t<div class=\"elementor-post__excerpt\">\n\t\t\t<p>Szanowni Pa\u0144stwo, serdecznie zapraszamy Pa\u0144stwa na III. Transgraniczn\u0105 Konferencj\u0119 Edukacyjn\u0105, kt\u00f3ra odb\u0119dzie si\u0119 w dniu 20.05.2026r. w godzinach 10:00-15:00 w Urz\u0119dzie Miasta Szczecin, w Sali<\/p>\n\t\t<\/div>\n\t\t\n\t\t<a class=\"elementor-post__read-more\" href=\"https:\/\/pomerania.org.pl\/?p=8511\" aria-label=\"Read more about Zapraszamy na III. Transgraniczn\u0105 Konferencj\u0119 Edukacyjn\u0105\" >\n\t\t\tCzytaj wi\u0119cej \u00bb\t\t<\/a>\n\n\t\t\t\t<\/div>\n\t\t\t\t<div class=\"elementor-post__meta-data\">\n\t\t\t\t\t<span class=\"elementor-post-date\">\n\t\t\t17-04-2026\t\t<\/span>\n\t\t\t\t<span class=\"elementor-post-avatar\">\n\t\t\tBrak komentarzy\t\t<\/span>\n\t\t\t\t<\/div>\n\t\t\t\t\t<\/div>\n\t\t<\/article>\n\t\t\t\t<article class=\"elementor-post elementor-grid-item post-8142 post type-post status-publish format-standard has-post-thumbnail hentry category-verein\">\n\t\t\t<div class=\"elementor-post__card\">\n\t\t\t\t<a class=\"elementor-post__thumbnail__link\" href=\"https:\/\/pomerania.org.pl\/?p=8142&#038;lang=de\" ><div class=\"elementor-post__thumbnail\"><img loading=\"lazy\" decoding=\"async\" width=\"300\" height=\"225\" src=\"https:\/\/pomerania.org.pl\/wp-content\/uploads\/2025\/12\/20251215_103421-300x225.jpg\" class=\"attachment-medium size-medium wp-image-8121\" alt=\"\" srcset=\"https:\/\/pomerania.org.pl\/wp-content\/uploads\/2025\/12\/20251215_103421-300x225.jpg 300w, https:\/\/pomerania.org.pl\/wp-content\/uploads\/2025\/12\/20251215_103421-768x576.jpg 768w, https:\/\/pomerania.org.pl\/wp-content\/uploads\/2025\/12\/20251215_103421-1536x1152.jpg 1536w, https:\/\/pomerania.org.pl\/wp-content\/uploads\/2025\/12\/20251215_103421-2048x1536.jpg 2048w\" sizes=\"auto, (max-width: 300px) 100vw, 300px\" \/><\/div><\/a>\n\t\t\t\t<div class=\"elementor-post__badge\">Verein<\/div>\n\t\t\t\t<div class=\"elementor-post__avatar\">\n\t\t\t\t\t<\/div>\n\t\t\t\t<div class=\"elementor-post__text\">\n\t\t\t\t<h3 class=\"elementor-post__title\">\n\t\t\t<a href=\"https:\/\/pomerania.org.pl\/?p=8142&amp;lang=de\" >\n\t\t\t\t30-j\u00e4hriges Jubil\u00e4um der Euroregion Pomerania\t\t\t<\/a>\n\t\t<\/h3>\n\t\t\t\t<div class=\"elementor-post__excerpt\">\n\t\t\t<p>Am 15. Dezember 2025 feierte die Euroregion Pomerania ihr Jubil\u00e4um. Vor 30 Jahren unterzeichneten zwei Verb\u00e4nde im Schloss der Pommerschen Herz\u00f6ge in Stettin einen Vertrag<\/p>\n\t\t<\/div>\n\t\t\n\t\t<a class=\"elementor-post__read-more\" href=\"https:\/\/pomerania.org.pl\/?p=8142&#038;lang=de\" aria-label=\"Read more about 30-j\u00e4hriges Jubil\u00e4um der Euroregion Pomerania\" >\n\t\t\tCzytaj wi\u0119cej \u00bb\t\t<\/a>\n\n\t\t\t\t<\/div>\n\t\t\t\t<div class=\"elementor-post__meta-data\">\n\t\t\t\t\t<span class=\"elementor-post-date\">\n\t\t\t17-12-2025\t\t<\/span>\n\t\t\t\t<span class=\"elementor-post-avatar\">\n\t\t\tBrak komentarzy\t\t<\/span>\n\t\t\t\t<\/div>\n\t\t\t\t\t<\/div>\n\t\t<\/article>\n\t\t\t\t<\/div>\n\t\t\n\t\t\t\t<\/div>\n\t\t\t\t<\/div>\n\t\t\t\t<div class=\"elementor-element elementor-element-8e00d41 elementor-align-right elementor-widget elementor-widget-button\" data-id=\"8e00d41\" data-element_type=\"widget\" data-widget_type=\"button.default\">\n\t\t\t\t<div class=\"elementor-widget-container\">\n\t\t\t\t\t<div class=\"elementor-button-wrapper\">\n\t\t\t<a href=\"https:\/\/pomerania.org.pl\/?page_id=8037\" class=\"elementor-button-link elementor-button elementor-size-sm\" role=\"button\">\n\t\t\t\t\t\t<span class=\"elementor-button-content-wrapper\">\n\t\t\t\t\t\t<span class=\"elementor-button-text\">Wszystkie aktualno\u015bci SID<\/span>\n\t\t<\/span>\n\t\t\t\t\t<\/a>\n\t\t<\/div>\n\t\t\t\t<\/div>\n\t\t\t\t<\/div>\n\t\t\t\t<section class=\"elementor-section elementor-inner-section elementor-element elementor-element-a1c00fa elementor-section-boxed elementor-section-height-default elementor-section-height-default\" data-id=\"a1c00fa\" data-element_type=\"section\">\n\t\t\t\t\t\t<div class=\"elementor-container elementor-column-gap-default\">\n\t\t\t\t\t<div class=\"elementor-column elementor-col-33 elementor-inner-column elementor-element elementor-element-220c1e3\" data-id=\"220c1e3\" data-element_type=\"column\">\n\t\t\t<div class=\"elementor-widget-wrap elementor-element-populated\">\n\t\t\t\t\t\t\t\t<div class=\"elementor-element elementor-element-86d80e0 elementor-cta--valign-middle elementor-widget__width-initial elementor-cta--skin-classic elementor-animated-content elementor-bg-transform elementor-bg-transform-zoom-in elementor-widget elementor-widget-call-to-action\" data-id=\"86d80e0\" data-element_type=\"widget\" data-widget_type=\"call-to-action.default\">\n\t\t\t\t<div class=\"elementor-widget-container\">\n\t\t\t<link rel=\"stylesheet\" href=\"https:\/\/pomerania.org.pl\/wp-content\/plugins\/elementor-pro\/assets\/css\/widget-call-to-action.min.css\">\t\t<div class=\"elementor-cta\">\n\t\t\t\t\t\t\t<div class=\"elementor-cta__content\">\n\t\t\t\t\n\t\t\t\t<h3 class=\"elementor-cta__title elementor-cta__content-item elementor-content-item\">Nasze us\u0142ugi<\/h3>\n\t\t\t\t\n\t\t\t\t\t\t\t<\/div>\n\t\t\t\t\t\t<\/div>\n\t\t\t\t<\/div>\n\t\t\t\t<\/div>\n\t\t\t\t\t<\/div>\n\t\t<\/div>\n\t\t\t\t<div class=\"elementor-column elementor-col-33 elementor-inner-column elementor-element elementor-element-a910521\" data-id=\"a910521\" data-element_type=\"column\">\n\t\t\t<div class=\"elementor-widget-wrap elementor-element-populated\">\n\t\t\t\t\t\t\t\t<div class=\"elementor-element elementor-element-13a7f87 elementor-cta--valign-middle elementor-widget__width-initial elementor-cta--skin-classic elementor-animated-content elementor-bg-transform elementor-bg-transform-zoom-in elementor-widget elementor-widget-call-to-action\" data-id=\"13a7f87\" data-element_type=\"widget\" data-widget_type=\"call-to-action.default\">\n\t\t\t\t<div class=\"elementor-widget-container\">\n\t\t\t\t\t<a class=\"elementor-cta\" href=\"https:\/\/pomerania.org.pl\/?page_id=6927\">\n\t\t\t\t\t\t\t<div class=\"elementor-cta__content\">\n\t\t\t\t\n\t\t\t\t<h3 class=\"elementor-cta__title elementor-cta__content-item elementor-content-item\">Pliki do pobrania<\/h3>\n\t\t\t\t\n\t\t\t\t\t\t\t<\/div>\n\t\t\t\t\t\t<\/a>\n\t\t\t\t<\/div>\n\t\t\t\t<\/div>\n\t\t\t\t\t<\/div>\n\t\t<\/div>\n\t\t\t\t<div class=\"elementor-column elementor-col-33 elementor-inner-column elementor-element elementor-element-cafb24e\" data-id=\"cafb24e\" data-element_type=\"column\" data-settings=\"{&quot;animation&quot;:&quot;none&quot;}\">\n\t\t\t<div class=\"elementor-widget-wrap elementor-element-populated\">\n\t\t\t\t\t\t\t\t<div class=\"elementor-element elementor-element-3ce535c elementor-cta--valign-middle elementor-widget__width-initial elementor-cta--skin-classic elementor-animated-content elementor-bg-transform elementor-bg-transform-zoom-in elementor-widget elementor-widget-call-to-action\" data-id=\"3ce535c\" data-element_type=\"widget\" data-widget_type=\"call-to-action.default\">\n\t\t\t\t<div class=\"elementor-widget-container\">\n\t\t\t\t\t<div class=\"elementor-cta\">\n\t\t\t\t\t\t\t<div class=\"elementor-cta__content\">\n\t\t\t\t\n\t\t\t\t<h3 class=\"elementor-cta__title elementor-cta__content-item elementor-content-item\">Kalendarium<\/h3>\n\t\t\t\t\n\t\t\t\t\t\t\t<\/div>\n\t\t\t\t\t\t<\/div>\n\t\t\t\t<\/div>\n\t\t\t\t<\/div>\n\t\t\t\t\t<\/div>\n\t\t<\/div>\n\t\t\t\t\t\t\t<\/div>\n\t\t<\/section>\n\t\t\t\t<div class=\"elementor-element elementor-element-45014bf elementor-widget elementor-widget-text-editor\" data-id=\"45014bf\" data-element_type=\"widget\" kategoria=\"Sie\u0107 Informacyjno-Doradcza\" data-widget_type=\"text-editor.default\">\n\t\t\t\t<div class=\"elementor-widget-container\">\n\t\t\t<style>\/*! elementor - v3.11.2 - 22-02-2023 *\/\n.elementor-widget-text-editor.elementor-drop-cap-view-stacked .elementor-drop-cap{background-color:#818a91;color:#fff}.elementor-widget-text-editor.elementor-drop-cap-view-framed .elementor-drop-cap{color:#818a91;border:3px solid;background-color:transparent}.elementor-widget-text-editor:not(.elementor-drop-cap-view-default) .elementor-drop-cap{margin-top:8px}.elementor-widget-text-editor:not(.elementor-drop-cap-view-default) .elementor-drop-cap-letter{width:1em;height:1em}.elementor-widget-text-editor .elementor-drop-cap{float:left;text-align:center;line-height:1;font-size:50px}.elementor-widget-text-editor .elementor-drop-cap-letter{display:inline-block}<\/style>\t\t\t\t<p><strong>Sie\u0107 Informacyjno-Doradcza<\/strong> jest kontynuacj\u0105 dw\u00f3ch projekt\u00f3w, w ramach kt\u00f3rych funkcjonowa\u0142y Centra Us\u0142ugowo-Doradcze oraz Punkty Kontaktowo-Doradcze po stronie polskiej i niemieckiej. Sie\u0107 Informacyjno-Doradcza jest projektem dofinansowanym ze \u015brodk\u00f3w Europejskiego Funduszu Rozwoju Regionalnego w ramach \u00a0Programu Wsp\u00f3\u0142pracy Interreg VIA Mecklenburg-Vorpommern\/Brandenburg\/Polska 2021-2027.<\/p><p>W ramach projektu funkcjonuje sie\u0107 wsp\u00f3\u0142pracy polsko-niemieckiej, dzi\u0119ki kt\u00f3rej pokonywane s\u0105 przeszkody, wynikaj\u0105ce z r\u00f3\u017cnych system\u00f3w prawnych po obu stronach granicy, z r\u00f3\u017cnic spo\u0142ecznych, gospodarczych oraz j\u0119zykowych.<\/p><p>W realizacj\u0119 projektu zaanga\u017cowanych jest sze\u015bciu partner\u00f3w: Stowarzyszenie Gmin Polskich Euroregionu Pomerania, Gmina Miasto \u015awinouj\u015bcie, Gmina Miasto Koszalin, Ogrody Przelewice &#8211; Zachodniopomorskie Centrum Kultury Obszar\u00f3w Wiejskich i Edukacji Ekologicznej Przelewice, Zwi\u0105zek Komunalny Europaregion Pomerania (Partner Wiod\u0105cy), STIC Sp\u00f3\u0142ka Aktywizacji Gospodarczej powiatu M\u00e4rkisch-Oderland.<\/p><p>Celem projektu jest rozszerzenie wsp\u00f3\u0142pracy gospodarczej poprzez generowanie impuls\u00f3w do nawi\u0105zywania kontakt\u00f3w biznesowych i promowanie rozwoju gospodarczego regionu przygranicznego. W ramach projektu zapewnione jest bie\u017c\u0105ce doradztwo mieszka\u0144com pogranicza na temat spraw \u017cycia codziennego. Partnerzy projektu d\u0105\u017c\u0105 do integracji polsko-niemieckiej spo\u0142eczno\u015bci poprzez likwidowanie barier mentalnych, kulturowych i j\u0119zykowych.<\/p><p>Sie\u0107 Informacyjno-Doradcza wspiera w\u00a0 dzia\u0142alno\u015bci transgranicznej ma\u0142e i\u00a0\u015brednie przedsi\u0119biorstwa, stowarzyszenia, instytucje, gminy, instytucje edukacyjne i\u00a0osoby prywatne. Sie\u0107 posiada 9\u00a0biur kontaktowych \u2013 zar\u00f3wno w\u00a0Polsce, jak i\u00a0w\u00a0Niemczech. \u015awiadczone us\u0142ugi obejmuj\u0105 po\u015brednictwo w\u00a0znalezieniu partner\u00f3w do\u00a0 wsp\u00f3\u0142pracy, inicjowanie projekt\u00f3w d\u0142ugoterminowej wsp\u00f3\u0142pracy oraz\u00a0wspieranie kontakt\u00f3w s\u0142u\u017c\u0105cych rozwojowi gospodarczemu. Ponadto oferowana jest pomoc w\u00a0znalezieniu informacji, po\u015brednictwo w\u00a0kontaktach z\u00a0doradcami oraz\u00a0organizacja wydarze\u0144 zwi\u0105zanych z\u00a0rozwojem gospodarczym regionu.<\/p>\t\t\t\t\t\t<\/div>\n\t\t\t\t<\/div>\n\t\t\t\t\t<\/div>\n\t\t<\/div>\n\t\t\t\t\t\t\t<\/div>\n\t\t<\/section>\n\t\t\t\t<section class=\"elementor-section elementor-top-section elementor-element elementor-element-9239eaf elementor-section-boxed elementor-section-height-default elementor-section-height-default\" data-id=\"9239eaf\" data-element_type=\"section\">\n\t\t\t\t\t\t<div class=\"elementor-container elementor-column-gap-default\">\n\t\t\t\t\t<div class=\"elementor-column elementor-col-100 elementor-top-column elementor-element elementor-element-f5dea8a\" data-id=\"f5dea8a\" data-element_type=\"column\">\n\t\t\t<div class=\"elementor-widget-wrap elementor-element-populated\">\n\t\t\t\t\t\t\t\t<div class=\"elementor-element elementor-element-3e93f80 elementor-widget elementor-widget-heading\" data-id=\"3e93f80\" data-element_type=\"widget\" data-widget_type=\"heading.default\">\n\t\t\t\t<div class=\"elementor-widget-container\">\n\t\t\t<style>\/*! elementor - v3.11.2 - 22-02-2023 *\/\n.elementor-heading-title{padding:0;margin:0;line-height:1}.elementor-widget-heading .elementor-heading-title[class*=elementor-size-]>a{color:inherit;font-size:inherit;line-height:inherit}.elementor-widget-heading .elementor-heading-title.elementor-size-small{font-size:15px}.elementor-widget-heading .elementor-heading-title.elementor-size-medium{font-size:19px}.elementor-widget-heading .elementor-heading-title.elementor-size-large{font-size:29px}.elementor-widget-heading .elementor-heading-title.elementor-size-xl{font-size:39px}.elementor-widget-heading .elementor-heading-title.elementor-size-xxl{font-size:59px}<\/style><h3 class=\"elementor-heading-title elementor-size-default\">W ramach projektu funkcjonuj\u0105 nast\u0119puj\u0105ce biura:<\/h3>\t\t<\/div>\n\t\t\t\t<\/div>\n\t\t\t\t\t<\/div>\n\t\t<\/div>\n\t\t\t\t\t\t\t<\/div>\n\t\t<\/section>\n\t\t\t\t<section class=\"elementor-section elementor-top-section elementor-element elementor-element-4eacc60 elementor-section-boxed elementor-section-height-default elementor-section-height-default\" data-id=\"4eacc60\" data-element_type=\"section\">\n\t\t\t\t\t\t<div class=\"elementor-container elementor-column-gap-default\">\n\t\t\t\t\t<div class=\"elementor-column elementor-col-100 elementor-top-column elementor-element elementor-element-475a523\" data-id=\"475a523\" data-element_type=\"column\">\n\t\t\t<div class=\"elementor-widget-wrap elementor-element-populated\">\n\t\t\t\t\t\t\t\t<section class=\"elementor-section elementor-inner-section elementor-element elementor-element-0320881 elementor-section-boxed elementor-section-height-default elementor-section-height-default\" data-id=\"0320881\" data-element_type=\"section\">\n\t\t\t\t\t\t<div class=\"elementor-container elementor-column-gap-default\">\n\t\t\t\t\t<div class=\"elementor-column elementor-col-50 elementor-inner-column elementor-element elementor-element-66ad2df\" data-id=\"66ad2df\" data-element_type=\"column\">\n\t\t\t<div class=\"elementor-widget-wrap elementor-element-populated\">\n\t\t\t\t\t\t\t\t<div class=\"elementor-element elementor-element-3168d66 elementor-widget elementor-widget-heading\" data-id=\"3168d66\" data-element_type=\"widget\" data-widget_type=\"heading.default\">\n\t\t\t\t<div class=\"elementor-widget-container\">\n\t\t\t<h3 class=\"elementor-heading-title elementor-size-default\">Doradztwo gospodarcze dla firm<\/h3>\t\t<\/div>\n\t\t\t\t<\/div>\n\t\t\t\t<div class=\"elementor-element elementor-element-db5e157 elementor-widget elementor-widget-text-editor\" data-id=\"db5e157\" data-element_type=\"widget\" data-widget_type=\"text-editor.default\">\n\t\t\t\t<div class=\"elementor-widget-container\">\n\t\t\t\t\t\t\t<p><strong>SID Szczecin<\/strong><\/p><p>tel.\u00a0+48\u00a091\u00a035\u00a099\u00a0113<br \/>tel. +48 91 35 99 111<\/p><p><a href=\"mailto:sid.szczecin@pomerania.org.pl\">sid.szczecin@pomerania.org.pl<\/a><\/p><p><strong>SID \u015awinouj\u015bcie<\/strong><\/p><p>tel.\u00a0+48\u00a0727\u00a0794\u00a0930<br \/>tel. +48 737 198 799<\/p><p><a href=\"mailto:sid@um.swinoujscie.pl\">sid@um.swinoujscie.pl<\/a><\/p><p><strong>SID Koszalin<\/strong><\/p><p>tel.\u00a0+48\u00a094\u00a0348\u00a039\u00a018<\/p><p>tel. +48 663 646 466<\/p><p><a href=\"mailto:sid@um.koszalin.pl\">sid@um.koszalin.pl<\/a><\/p><p><strong>SID Przelewice <\/strong><\/p><p>+48 91 564 30 80<\/p><p><a href=\"mailto:sid@ogrodprzelewice.pl\">sid@ogrodprzelewice.pl<\/a><\/p><p><strong>IBN Schwedt\/Oder<\/strong><\/p><p>tel.\u00a0+49\u00a0333 25\u00a0389 25<br \/>tel. +49 333 25 389 26<\/p><p><a href=\"mailto:ibn.schwedt@pomerania.net\">ibn.schwedt@pomerania.net<\/a><\/p><p><strong>IBN Greifswald<\/strong><\/p><p>tel. +49 383 45 505 93<\/p><p>tel. +49 383 45 505 98<\/p><p><a href=\"mailto:ibn.greifswald@pomerania.net\">ibn.greifswald@pomerania.net<\/a><\/p><p><strong>IBN Neubrandenburg<\/strong><\/p><p>tel.\u00a0+49\u00a0395\u00a035\u00a0119 38<br \/>tel. +49 395 35 119 43<\/p><p><a href=\"mailto:ibn.neubrandenburg@pomerania.net\">ibn.neubrandenburg@pomerania.net<\/a><\/p><p><strong>IBN Strausberg<\/strong><\/p><p>tel.\u00a0+49\u00a0334 13\u00a0353 721<br \/>tel. +49 334 13 353 722<\/p><p><a href=\"mailto:ibn@stic.de\">ibn@stic.de<\/a><\/p>\t\t\t\t\t\t<\/div>\n\t\t\t\t<\/div>\n\t\t\t\t\t<\/div>\n\t\t<\/div>\n\t\t\t\t<div class=\"elementor-column elementor-col-50 elementor-inner-column elementor-element elementor-element-a639943\" data-id=\"a639943\" data-element_type=\"column\">\n\t\t\t<div class=\"elementor-widget-wrap elementor-element-populated\">\n\t\t\t\t\t\t\t\t<div class=\"elementor-element elementor-element-5965629 elementor-widget elementor-widget-heading\" data-id=\"5965629\" data-element_type=\"widget\" data-widget_type=\"heading.default\">\n\t\t\t\t<div class=\"elementor-widget-container\">\n\t\t\t<h3 class=\"elementor-heading-title elementor-size-default\">Doradztwo dla mieszka\u0144c\u00f3w<\/h3>\t\t<\/div>\n\t\t\t\t<\/div>\n\t\t\t\t<div class=\"elementor-element elementor-element-c727c97 elementor-widget elementor-widget-text-editor\" data-id=\"c727c97\" data-element_type=\"widget\" data-widget_type=\"text-editor.default\">\n\t\t\t\t<div class=\"elementor-widget-container\">\n\t\t\t\t\t\t\t<p><strong>SID Szczecin<\/strong><\/p><p>tel. +48 91 35 99 112<\/p><p><a href=\"mailto:punktkontaktowy@pomerania.org.pl\">punktkontaktowy@pomerania.org.pl<\/a><\/p><p>\u00a0<\/p><p><strong>IBN L<\/strong><strong>\u00f6<\/strong><strong>cknitz<\/strong><\/p><p>tel. +49 397 54 528 97<\/p><p><a href=\"mailto:kontaktstelle@pomerania.net\">kontaktstelle@pomerania.net<\/a><\/p>\t\t\t\t\t\t<\/div>\n\t\t\t\t<\/div>\n\t\t\t\t<div class=\"elementor-element elementor-element-2b77ba1 elementor-widget elementor-widget-image\" data-id=\"2b77ba1\" data-element_type=\"widget\" data-widget_type=\"image.default\">\n\t\t\t\t<div class=\"elementor-widget-container\">\n\t\t\t<style>\/*! elementor - v3.11.2 - 22-02-2023 *\/\n.elementor-widget-image{text-align:center}.elementor-widget-image a{display:inline-block}.elementor-widget-image a img[src$=\".svg\"]{width:48px}.elementor-widget-image img{vertical-align:middle;display:inline-block}<\/style>\t\t\t\t\t\t\t\t\t<figure class=\"wp-caption\">\n\t\t\t\t\t\t\t\t\t\t\t<a href=\"https:\/\/ibn-sid.eu\/\">\n\t\t\t\t\t\t\t<img loading=\"lazy\" decoding=\"async\" width=\"800\" height=\"360\" src=\"https:\/\/pomerania.org.pl\/wp-content\/uploads\/2025\/07\/strona-sid.png\" class=\"attachment-large size-large wp-image-7481\" alt=\"\" srcset=\"https:\/\/pomerania.org.pl\/wp-content\/uploads\/2025\/07\/strona-sid.png 1813w, https:\/\/pomerania.org.pl\/wp-content\/uploads\/2025\/07\/strona-sid-300x135.png 300w, https:\/\/pomerania.org.pl\/wp-content\/uploads\/2025\/07\/strona-sid-768x346.png 768w, https:\/\/pomerania.org.pl\/wp-content\/uploads\/2025\/07\/strona-sid-1536x691.png 1536w\" sizes=\"auto, (max-width: 800px) 100vw, 800px\" \/>\t\t\t\t\t\t\t\t<\/a>\n\t\t\t\t\t\t\t\t\t\t\t<figcaption class=\"widget-image-caption wp-caption-text\">www.ibn-sid.eu<\/figcaption>\n\t\t\t\t\t\t\t\t\t\t<\/figure>\n\t\t\t\t\t\t\t\t\t<\/div>\n\t\t\t\t<\/div>\n\t\t\t\t\t<\/div>\n\t\t<\/div>\n\t\t\t\t\t\t\t<\/div>\n\t\t<\/section>\n\t\t\t\t\t<\/div>\n\t\t<\/div>\n\t\t\t\t\t\t\t<\/div>\n\t\t<\/section>\n\t\t\t\t\t\t\t<\/div>\n\t\t","protected":false},"excerpt":{"rendered":"<p>Wszystkie aktualno\u015bci SID Nasze us\u0142ugi Pliki do pobrania Kalendarium Sie\u0107 Informacyjno-Doradcza jest kontynuacj\u0105 dw\u00f3ch projekt\u00f3w, w ramach kt\u00f3rych funkcjonowa\u0142y Centra Us\u0142ugowo-Doradcze oraz Punkty Kontaktowo-Doradcze po stronie polskiej i niemieckiej. Sie\u0107 Informacyjno-Doradcza jest projektem dofinansowanym ze \u015brodk\u00f3w Europejskiego Funduszu Rozwoju Regionalnego w ramach \u00a0Programu Wsp\u00f3\u0142pracy Interreg VIA Mecklenburg-Vorpommern\/Brandenburg\/Polska 2021-2027. W ramach projektu funkcjonuje sie\u0107 wsp\u00f3\u0142pracy polsko-niemieckiej, [&hellip;]<\/p>\n","protected":false},"author":1,"featured_media":0,"parent":0,"menu_order":0,"comment_status":"closed","ping_status":"closed","template":"","meta":{"footnotes":""},"class_list":["post-5162","page","type-page","status-publish","hentry"],"post_mailing_queue_ids":[],"_links":{"self":[{"href":"https:\/\/pomerania.org.pl\/index.php?rest_route=\/wp\/v2\/pages\/5162","targetHints":{"allow":["GET"]}}],"collection":[{"href":"https:\/\/pomerania.org.pl\/index.php?rest_route=\/wp\/v2\/pages"}],"about":[{"href":"https:\/\/pomerania.org.pl\/index.php?rest_route=\/wp\/v2\/types\/page"}],"author":[{"embeddable":true,"href":"https:\/\/pomerania.org.pl\/index.php?rest_route=\/wp\/v2\/users\/1"}],"replies":[{"embeddable":true,"href":"https:\/\/pomerania.org.pl\/index.php?rest_route=%2Fwp%2Fv2%2Fcomments&post=5162"}],"version-history":[{"count":64,"href":"https:\/\/pomerania.org.pl\/index.php?rest_route=\/wp\/v2\/pages\/5162\/revisions"}],"predecessor-version":[{"id":8048,"href":"https:\/\/pomerania.org.pl\/index.php?rest_route=\/wp\/v2\/pages\/5162\/revisions\/8048"}],"wp:attachment":[{"href":"https:\/\/pomerania.org.pl\/index.php?rest_route=%2Fwp%2Fv2%2Fmedia&parent=5162"}],"curies":[{"name":"wp","href":"https:\/\/api.w.org\/{rel}","templated":true}]}}