{"id":5606,"date":"2024-04-17T12:22:08","date_gmt":"2024-04-17T10:22:08","guid":{"rendered":"https:\/\/pomerania.org.pl\/?page_id=5606"},"modified":"2025-07-23T12:36:30","modified_gmt":"2025-07-23T10:36:30","slug":"one-pomerania","status":"publish","type":"page","link":"https:\/\/pomerania.org.pl\/?page_id=5606","title":{"rendered":"One Pomerania"},"content":{"rendered":"\t\t<div data-elementor-type=\"wp-page\" data-elementor-id=\"5606\" class=\"elementor elementor-5606\">\n\t\t\t\t\t\t\t\t\t<section class=\"elementor-section elementor-top-section elementor-element elementor-element-4492f38 elementor-section-boxed elementor-section-height-default elementor-section-height-default\" data-id=\"4492f38\" data-element_type=\"section\">\n\t\t\t\t\t\t<div class=\"elementor-container elementor-column-gap-default\">\n\t\t\t\t\t<div class=\"elementor-column elementor-col-100 elementor-top-column elementor-element elementor-element-198334c\" data-id=\"198334c\" data-element_type=\"column\">\n\t\t\t<div class=\"elementor-widget-wrap elementor-element-populated\">\n\t\t\t\t\t\t\t\t<div class=\"elementor-element elementor-element-b6ebc5d elementor-grid-3 elementor-grid-tablet-2 elementor-grid-mobile-1 elementor-posts--thumbnail-top elementor-posts--show-avatar elementor-card-shadow-yes elementor-posts__hover-gradient elementor-widget elementor-widget-posts\" data-id=\"b6ebc5d\" data-element_type=\"widget\" data-settings=\"{&quot;cards_columns&quot;:&quot;3&quot;,&quot;cards_columns_tablet&quot;:&quot;2&quot;,&quot;cards_columns_mobile&quot;:&quot;1&quot;,&quot;cards_row_gap&quot;:{&quot;unit&quot;:&quot;px&quot;,&quot;size&quot;:35,&quot;sizes&quot;:[]},&quot;cards_row_gap_tablet&quot;:{&quot;unit&quot;:&quot;px&quot;,&quot;size&quot;:&quot;&quot;,&quot;sizes&quot;:[]},&quot;cards_row_gap_mobile&quot;:{&quot;unit&quot;:&quot;px&quot;,&quot;size&quot;:&quot;&quot;,&quot;sizes&quot;:[]}}\" data-widget_type=\"posts.cards\">\n\t\t\t\t<div class=\"elementor-widget-container\">\n\t\t\t<link rel=\"stylesheet\" href=\"https:\/\/pomerania.org.pl\/wp-content\/plugins\/elementor-pro\/assets\/css\/widget-posts.min.css\">\t\t<div class=\"elementor-posts-container elementor-posts elementor-posts--skin-cards elementor-grid\">\n\t\t\t\t<article class=\"elementor-post elementor-grid-item post-8595 post type-post status-publish format-standard has-post-thumbnail hentry category-ibn\">\n\t\t\t<div class=\"elementor-post__card\">\n\t\t\t\t<a class=\"elementor-post__thumbnail__link\" href=\"https:\/\/pomerania.org.pl\/?p=8595&#038;lang=de\" ><div class=\"elementor-post__thumbnail\"><img loading=\"lazy\" decoding=\"async\" width=\"300\" height=\"200\" src=\"https:\/\/pomerania.org.pl\/wp-content\/uploads\/2026\/04\/szkolenie_23_04_2026_81-300x200.jpg\" class=\"attachment-medium size-medium wp-image-8606\" alt=\"\" srcset=\"https:\/\/pomerania.org.pl\/wp-content\/uploads\/2026\/04\/szkolenie_23_04_2026_81-300x200.jpg 300w, https:\/\/pomerania.org.pl\/wp-content\/uploads\/2026\/04\/szkolenie_23_04_2026_81-768x513.jpg 768w, https:\/\/pomerania.org.pl\/wp-content\/uploads\/2026\/04\/szkolenie_23_04_2026_81-1536x1025.jpg 1536w, https:\/\/pomerania.org.pl\/wp-content\/uploads\/2026\/04\/szkolenie_23_04_2026_81-2048x1367.jpg 2048w\" sizes=\"auto, (max-width: 300px) 100vw, 300px\" \/><\/div><\/a>\n\t\t\t\t<div class=\"elementor-post__badge\">IBN<\/div>\n\t\t\t\t<div class=\"elementor-post__avatar\">\n\t\t\t\t\t<\/div>\n\t\t\t\t<div class=\"elementor-post__text\">\n\t\t\t\t<h3 class=\"elementor-post__title\">\n\t\t\t<a href=\"https:\/\/pomerania.org.pl\/?p=8595&amp;lang=de\" >\n\t\t\t\tK\u00fcnstliche Intelligenz in der Praxis\t\t\t<\/a>\n\t\t<\/h3>\n\t\t\t\t<div class=\"elementor-post__excerpt\">\n\t\t\t<p>Am 23. April 2026 fand im Marschallamt in Stettin, im Delfin-Saal, eine Fortbildung mit dem Titel \u201eK\u00fcnstliche Intelligenz in der Praxis \u2013 wie man effizienter<\/p>\n\t\t<\/div>\n\t\t\n\t\t<a class=\"elementor-post__read-more\" href=\"https:\/\/pomerania.org.pl\/?p=8595&#038;lang=de\" aria-label=\"Read more about K\u00fcnstliche Intelligenz in der Praxis\" >\n\t\t\tCzytaj wi\u0119cej \u00bb\t\t<\/a>\n\n\t\t\t\t<\/div>\n\t\t\t\t<div class=\"elementor-post__meta-data\">\n\t\t\t\t\t<span class=\"elementor-post-date\">\n\t\t\t24-04-2026\t\t<\/span>\n\t\t\t\t<span class=\"elementor-post-avatar\">\n\t\t\tBrak komentarzy\t\t<\/span>\n\t\t\t\t<\/div>\n\t\t\t\t\t<\/div>\n\t\t<\/article>\n\t\t\t\t<article class=\"elementor-post elementor-grid-item post-8515 post type-post status-publish format-standard has-post-thumbnail hentry category-ibn\">\n\t\t\t<div class=\"elementor-post__card\">\n\t\t\t\t<a class=\"elementor-post__thumbnail__link\" href=\"https:\/\/pomerania.org.pl\/?p=8515&#038;lang=de\" ><div class=\"elementor-post__thumbnail\"><img loading=\"lazy\" decoding=\"async\" width=\"300\" height=\"169\" src=\"https:\/\/pomerania.org.pl\/wp-content\/uploads\/2026\/04\/III-KE-de-300x169.png\" class=\"attachment-medium size-medium wp-image-8519\" alt=\"\" srcset=\"https:\/\/pomerania.org.pl\/wp-content\/uploads\/2026\/04\/III-KE-de-300x169.png 300w, https:\/\/pomerania.org.pl\/wp-content\/uploads\/2026\/04\/III-KE-de-768x432.png 768w, https:\/\/pomerania.org.pl\/wp-content\/uploads\/2026\/04\/III-KE-de-1536x864.png 1536w, https:\/\/pomerania.org.pl\/wp-content\/uploads\/2026\/04\/III-KE-de.png 1920w\" sizes=\"auto, (max-width: 300px) 100vw, 300px\" \/><\/div><\/a>\n\t\t\t\t<div class=\"elementor-post__badge\">IBN<\/div>\n\t\t\t\t<div class=\"elementor-post__avatar\">\n\t\t\t\t\t<\/div>\n\t\t\t\t<div class=\"elementor-post__text\">\n\t\t\t\t<h3 class=\"elementor-post__title\">\n\t\t\t<a href=\"https:\/\/pomerania.org.pl\/?p=8515&amp;lang=de\" >\n\t\t\t\tEinladung zur III. Grenz\u00fcberschreitenden Bildungskonferenz\t\t\t<\/a>\n\t\t<\/h3>\n\t\t\t\t<div class=\"elementor-post__excerpt\">\n\t\t\t<p>Sehr geehrte Damen und Herren, wir laden Sie herzlich zur III. Grenz\u00fcberschreitenden Bildungskonferenz ein, die am 20.05.2026 von 10:00 bis 15:00 Uhr im Rathaus der<\/p>\n\t\t<\/div>\n\t\t\n\t\t<a class=\"elementor-post__read-more\" href=\"https:\/\/pomerania.org.pl\/?p=8515&#038;lang=de\" aria-label=\"Read more about Einladung zur III. Grenz\u00fcberschreitenden Bildungskonferenz\" >\n\t\t\tCzytaj wi\u0119cej \u00bb\t\t<\/a>\n\n\t\t\t\t<\/div>\n\t\t\t\t<div class=\"elementor-post__meta-data\">\n\t\t\t\t\t<span class=\"elementor-post-date\">\n\t\t\t17-04-2026\t\t<\/span>\n\t\t\t\t<span class=\"elementor-post-avatar\">\n\t\t\tBrak komentarzy\t\t<\/span>\n\t\t\t\t<\/div>\n\t\t\t\t\t<\/div>\n\t\t<\/article>\n\t\t\t\t<article class=\"elementor-post elementor-grid-item post-8142 post type-post status-publish format-standard has-post-thumbnail hentry category-verein\">\n\t\t\t<div class=\"elementor-post__card\">\n\t\t\t\t<a class=\"elementor-post__thumbnail__link\" href=\"https:\/\/pomerania.org.pl\/?p=8142&#038;lang=de\" ><div class=\"elementor-post__thumbnail\"><img loading=\"lazy\" decoding=\"async\" width=\"300\" height=\"225\" src=\"https:\/\/pomerania.org.pl\/wp-content\/uploads\/2025\/12\/20251215_103421-300x225.jpg\" class=\"attachment-medium size-medium wp-image-8121\" alt=\"\" srcset=\"https:\/\/pomerania.org.pl\/wp-content\/uploads\/2025\/12\/20251215_103421-300x225.jpg 300w, https:\/\/pomerania.org.pl\/wp-content\/uploads\/2025\/12\/20251215_103421-768x576.jpg 768w, https:\/\/pomerania.org.pl\/wp-content\/uploads\/2025\/12\/20251215_103421-1536x1152.jpg 1536w, https:\/\/pomerania.org.pl\/wp-content\/uploads\/2025\/12\/20251215_103421-2048x1536.jpg 2048w\" sizes=\"auto, (max-width: 300px) 100vw, 300px\" \/><\/div><\/a>\n\t\t\t\t<div class=\"elementor-post__badge\">Verein<\/div>\n\t\t\t\t<div class=\"elementor-post__avatar\">\n\t\t\t\t\t<\/div>\n\t\t\t\t<div class=\"elementor-post__text\">\n\t\t\t\t<h3 class=\"elementor-post__title\">\n\t\t\t<a href=\"https:\/\/pomerania.org.pl\/?p=8142&amp;lang=de\" >\n\t\t\t\t30-j\u00e4hriges Jubil\u00e4um der Euroregion Pomerania\t\t\t<\/a>\n\t\t<\/h3>\n\t\t\t\t<div class=\"elementor-post__excerpt\">\n\t\t\t<p>Am 15. Dezember 2025 feierte die Euroregion Pomerania ihr Jubil\u00e4um. Vor 30 Jahren unterzeichneten zwei Verb\u00e4nde im Schloss der Pommerschen Herz\u00f6ge in Stettin einen Vertrag<\/p>\n\t\t<\/div>\n\t\t\n\t\t<a class=\"elementor-post__read-more\" href=\"https:\/\/pomerania.org.pl\/?p=8142&#038;lang=de\" aria-label=\"Read more about 30-j\u00e4hriges Jubil\u00e4um der Euroregion Pomerania\" >\n\t\t\tCzytaj wi\u0119cej \u00bb\t\t<\/a>\n\n\t\t\t\t<\/div>\n\t\t\t\t<div class=\"elementor-post__meta-data\">\n\t\t\t\t\t<span class=\"elementor-post-date\">\n\t\t\t17-12-2025\t\t<\/span>\n\t\t\t\t<span class=\"elementor-post-avatar\">\n\t\t\tBrak komentarzy\t\t<\/span>\n\t\t\t\t<\/div>\n\t\t\t\t\t<\/div>\n\t\t<\/article>\n\t\t\t\t<article class=\"elementor-post elementor-grid-item post-7963 post type-post status-publish format-standard has-post-thumbnail hentry category-one-pomerania-de\">\n\t\t\t<div class=\"elementor-post__card\">\n\t\t\t\t<a class=\"elementor-post__thumbnail__link\" href=\"https:\/\/pomerania.org.pl\/?p=7963&#038;lang=de\" ><div class=\"elementor-post__thumbnail\"><img loading=\"lazy\" decoding=\"async\" width=\"300\" height=\"225\" src=\"https:\/\/pomerania.org.pl\/wp-content\/uploads\/2025\/10\/IMG-20251027-WA0001-300x225.jpg\" class=\"attachment-medium size-medium wp-image-7958\" alt=\"\" srcset=\"https:\/\/pomerania.org.pl\/wp-content\/uploads\/2025\/10\/IMG-20251027-WA0001-300x225.jpg 300w, https:\/\/pomerania.org.pl\/wp-content\/uploads\/2025\/10\/IMG-20251027-WA0001-768x576.jpg 768w, https:\/\/pomerania.org.pl\/wp-content\/uploads\/2025\/10\/IMG-20251027-WA0001.jpg 1500w\" sizes=\"auto, (max-width: 300px) 100vw, 300px\" \/><\/div><\/a>\n\t\t\t\t<div class=\"elementor-post__badge\">One Pomerania de<\/div>\n\t\t\t\t<div class=\"elementor-post__avatar\">\n\t\t\t\t\t<\/div>\n\t\t\t\t<div class=\"elementor-post__text\">\n\t\t\t\t<h3 class=\"elementor-post__title\">\n\t\t\t<a href=\"https:\/\/pomerania.org.pl\/?p=7963&amp;lang=de\" >\n\t\t\t\tErarbeitung der endg\u00fcltigen Fassung der Satzung f\u00fcr den Europ\u00e4ischen Verbund f\u00fcr territoriale Zusammenarbeit (EVTZ) im Rahmen des Projekts One Pomerania\t\t\t<\/a>\n\t\t<\/h3>\n\t\t\t\t<div class=\"elementor-post__excerpt\">\n\t\t\t<p>Im Rahmen des Projekts One Pomerania&nbsp;wurde eine Reihe von acht juristischen Workshops abgeschlossen, deren Ziel die Ausarbeitung und Abstimmung der endg\u00fcltigen Fassung der Satzung \u2013<\/p>\n\t\t<\/div>\n\t\t\n\t\t<a class=\"elementor-post__read-more\" href=\"https:\/\/pomerania.org.pl\/?p=7963&#038;lang=de\" aria-label=\"Read more about Erarbeitung der endg\u00fcltigen Fassung der Satzung f\u00fcr den Europ\u00e4ischen Verbund f\u00fcr territoriale Zusammenarbeit (EVTZ) im Rahmen des Projekts One Pomerania\" >\n\t\t\tCzytaj wi\u0119cej \u00bb\t\t<\/a>\n\n\t\t\t\t<\/div>\n\t\t\t\t<div class=\"elementor-post__meta-data\">\n\t\t\t\t\t<span class=\"elementor-post-date\">\n\t\t\t28-10-2025\t\t<\/span>\n\t\t\t\t<span class=\"elementor-post-avatar\">\n\t\t\tBrak komentarzy\t\t<\/span>\n\t\t\t\t<\/div>\n\t\t\t\t\t<\/div>\n\t\t<\/article>\n\t\t\t\t<article class=\"elementor-post elementor-grid-item post-7956 post type-post status-publish format-standard has-post-thumbnail hentry category-one-pomerania\">\n\t\t\t<div class=\"elementor-post__card\">\n\t\t\t\t<a class=\"elementor-post__thumbnail__link\" href=\"https:\/\/pomerania.org.pl\/?p=7956\" ><div class=\"elementor-post__thumbnail\"><img loading=\"lazy\" decoding=\"async\" width=\"300\" height=\"225\" src=\"https:\/\/pomerania.org.pl\/wp-content\/uploads\/2025\/10\/IMG-20251027-WA0001-300x225.jpg\" class=\"attachment-medium size-medium wp-image-7958\" alt=\"\" srcset=\"https:\/\/pomerania.org.pl\/wp-content\/uploads\/2025\/10\/IMG-20251027-WA0001-300x225.jpg 300w, https:\/\/pomerania.org.pl\/wp-content\/uploads\/2025\/10\/IMG-20251027-WA0001-768x576.jpg 768w, https:\/\/pomerania.org.pl\/wp-content\/uploads\/2025\/10\/IMG-20251027-WA0001.jpg 1500w\" sizes=\"auto, (max-width: 300px) 100vw, 300px\" \/><\/div><\/a>\n\t\t\t\t<div class=\"elementor-post__badge\">One Pomerania<\/div>\n\t\t\t\t<div class=\"elementor-post__avatar\">\n\t\t\t\t\t<\/div>\n\t\t\t\t<div class=\"elementor-post__text\">\n\t\t\t\t<h3 class=\"elementor-post__title\">\n\t\t\t<a href=\"https:\/\/pomerania.org.pl\/?p=7956\" >\n\t\t\t\tWypracowanie finalnej wersji statutu dla Europejskiego Ugrupowania Wsp\u00f3\u0142pracy Terytorialnej (EUWT) w ramach projektu One Pomerania\t\t\t<\/a>\n\t\t<\/h3>\n\t\t\t\t<div class=\"elementor-post__excerpt\">\n\t\t\t<p>W ramach projektu One Pomerania&nbsp;zako\u0144czy\u0142 si\u0119 cykl o\u015bmiu warsztat\u00f3w prawnych, kt\u00f3rych celem by\u0142o opracowanie i uzgodnienie finalnej wersji statutu \u2013 kluczowego dokumentu niezb\u0119dnego do rejestracji<\/p>\n\t\t<\/div>\n\t\t\n\t\t<a class=\"elementor-post__read-more\" href=\"https:\/\/pomerania.org.pl\/?p=7956\" aria-label=\"Read more about Wypracowanie finalnej wersji statutu dla Europejskiego Ugrupowania Wsp\u00f3\u0142pracy Terytorialnej (EUWT) w ramach projektu One Pomerania\" >\n\t\t\tCzytaj wi\u0119cej \u00bb\t\t<\/a>\n\n\t\t\t\t<\/div>\n\t\t\t\t<div class=\"elementor-post__meta-data\">\n\t\t\t\t\t<span class=\"elementor-post-date\">\n\t\t\t28-10-2025\t\t<\/span>\n\t\t\t\t<span class=\"elementor-post-avatar\">\n\t\t\tBrak komentarzy\t\t<\/span>\n\t\t\t\t<\/div>\n\t\t\t\t\t<\/div>\n\t\t<\/article>\n\t\t\t\t<article class=\"elementor-post elementor-grid-item post-7738 post type-post status-publish format-standard has-post-thumbnail hentry category-one-pomerania-de\">\n\t\t\t<div class=\"elementor-post__card\">\n\t\t\t\t<a class=\"elementor-post__thumbnail__link\" href=\"https:\/\/pomerania.org.pl\/?p=7738&#038;lang=de\" ><div class=\"elementor-post__thumbnail\"><img loading=\"lazy\" decoding=\"async\" width=\"300\" height=\"200\" src=\"https:\/\/pomerania.org.pl\/wp-content\/uploads\/2025\/09\/P1010327-300x200.jpg\" class=\"attachment-medium size-medium wp-image-7736\" alt=\"\" srcset=\"https:\/\/pomerania.org.pl\/wp-content\/uploads\/2025\/09\/P1010327-300x200.jpg 300w, https:\/\/pomerania.org.pl\/wp-content\/uploads\/2025\/09\/P1010327-768x512.jpg 768w, https:\/\/pomerania.org.pl\/wp-content\/uploads\/2025\/09\/P1010327-1536x1024.jpg 1536w, https:\/\/pomerania.org.pl\/wp-content\/uploads\/2025\/09\/P1010327-2048x1365.jpg 2048w\" sizes=\"auto, (max-width: 300px) 100vw, 300px\" \/><\/div><\/a>\n\t\t\t\t<div class=\"elementor-post__badge\">One Pomerania de<\/div>\n\t\t\t\t<div class=\"elementor-post__avatar\">\n\t\t\t\t\t<\/div>\n\t\t\t\t<div class=\"elementor-post__text\">\n\t\t\t\t<h3 class=\"elementor-post__title\">\n\t\t\t<a href=\"https:\/\/pomerania.org.pl\/?p=7738&amp;lang=de\" >\n\t\t\t\tFruchtbare Diskussion beim 7. juristischen Workshop zur Gr\u00fcndung eines EVTZ in der Euroregion Pomerania\t\t\t<\/a>\n\t\t<\/h3>\n\t\t\t\t<div class=\"elementor-post__excerpt\">\n\t\t\t<p>Am 17.09.2025 kamen in der Gesch\u00e4ftsstelle der Kommunalgemeinschaft Pomerania in L\u00f6cknitz die Pr\u00e4sidiumsmitglieder der beiden kommunalen Vereine \u2013 der Kommunalgemeinschaft Europaregion Pomerania e.V. und des<\/p>\n\t\t<\/div>\n\t\t\n\t\t<a class=\"elementor-post__read-more\" href=\"https:\/\/pomerania.org.pl\/?p=7738&#038;lang=de\" aria-label=\"Read more about Fruchtbare Diskussion beim 7. juristischen Workshop zur Gr\u00fcndung eines EVTZ in der Euroregion Pomerania\" >\n\t\t\tCzytaj wi\u0119cej \u00bb\t\t<\/a>\n\n\t\t\t\t<\/div>\n\t\t\t\t<div class=\"elementor-post__meta-data\">\n\t\t\t\t\t<span class=\"elementor-post-date\">\n\t\t\t18-09-2025\t\t<\/span>\n\t\t\t\t<span class=\"elementor-post-avatar\">\n\t\t\tBrak komentarzy\t\t<\/span>\n\t\t\t\t<\/div>\n\t\t\t\t\t<\/div>\n\t\t<\/article>\n\t\t\t\t<\/div>\n\t\t\n\t\t\t\t<\/div>\n\t\t\t\t<\/div>\n\t\t\t\t<div class=\"elementor-element elementor-element-434b2e9 elementor-align-right elementor-widget elementor-widget-button\" data-id=\"434b2e9\" data-element_type=\"widget\" data-widget_type=\"button.default\">\n\t\t\t\t<div class=\"elementor-widget-container\">\n\t\t\t\t\t<div class=\"elementor-button-wrapper\">\n\t\t\t<a href=\"https:\/\/pomerania.org.pl\/wp-admin\/post.php?post=7514&#038;action=elementor\" class=\"elementor-button-link elementor-button elementor-size-sm\" role=\"button\">\n\t\t\t\t\t\t<span class=\"elementor-button-content-wrapper\">\n\t\t\t\t\t\t<span class=\"elementor-button-text\">Wszystkie  aktualno\u015bci One Pomerania<\/span>\n\t\t<\/span>\n\t\t\t\t\t<\/a>\n\t\t<\/div>\n\t\t\t\t<\/div>\n\t\t\t\t<\/div>\n\t\t\t\t\t<\/div>\n\t\t<\/div>\n\t\t\t\t\t\t\t<\/div>\n\t\t<\/section>\n\t\t\t\t<section class=\"elementor-section elementor-top-section elementor-element elementor-element-8bda5b5 elementor-section-boxed elementor-section-height-default elementor-section-height-default\" data-id=\"8bda5b5\" data-element_type=\"section\">\n\t\t\t\t\t\t<div class=\"elementor-container elementor-column-gap-default\">\n\t\t\t\t\t<div class=\"elementor-column elementor-col-100 elementor-top-column elementor-element elementor-element-4fceff3\" data-id=\"4fceff3\" data-element_type=\"column\">\n\t\t\t<div class=\"elementor-widget-wrap elementor-element-populated\">\n\t\t\t\t\t\t\t\t<div class=\"elementor-element elementor-element-5fa3c46 elementor-widget elementor-widget-heading\" data-id=\"5fa3c46\" data-element_type=\"widget\" data-widget_type=\"heading.default\">\n\t\t\t\t<div class=\"elementor-widget-container\">\n\t\t\t<style>\/*! elementor - v3.11.2 - 22-02-2023 *\/\n.elementor-heading-title{padding:0;margin:0;line-height:1}.elementor-widget-heading .elementor-heading-title[class*=elementor-size-]>a{color:inherit;font-size:inherit;line-height:inherit}.elementor-widget-heading .elementor-heading-title.elementor-size-small{font-size:15px}.elementor-widget-heading .elementor-heading-title.elementor-size-medium{font-size:19px}.elementor-widget-heading .elementor-heading-title.elementor-size-large{font-size:29px}.elementor-widget-heading .elementor-heading-title.elementor-size-xl{font-size:39px}.elementor-widget-heading .elementor-heading-title.elementor-size-xxl{font-size:59px}<\/style><h2 class=\"elementor-heading-title elementor-size-default\">Projekt INT 0100007 \u201cThe one and only Pomerania - analiza na rzecz transgranicznego rozwoju w Euroregionie Pomerania\u201d<\/h2>\t\t<\/div>\n\t\t\t\t<\/div>\n\t\t\t\t<div class=\"elementor-element elementor-element-30ad757 elementor-widget elementor-widget-text-editor\" data-id=\"30ad757\" data-element_type=\"widget\" data-widget_type=\"text-editor.default\">\n\t\t\t\t<div class=\"elementor-widget-container\">\n\t\t\t<style>\/*! elementor - v3.11.2 - 22-02-2023 *\/\n.elementor-widget-text-editor.elementor-drop-cap-view-stacked .elementor-drop-cap{background-color:#818a91;color:#fff}.elementor-widget-text-editor.elementor-drop-cap-view-framed .elementor-drop-cap{color:#818a91;border:3px solid;background-color:transparent}.elementor-widget-text-editor:not(.elementor-drop-cap-view-default) .elementor-drop-cap{margin-top:8px}.elementor-widget-text-editor:not(.elementor-drop-cap-view-default) .elementor-drop-cap-letter{width:1em;height:1em}.elementor-widget-text-editor .elementor-drop-cap{float:left;text-align:center;line-height:1;font-size:50px}.elementor-widget-text-editor .elementor-drop-cap-letter{display:inline-block}<\/style>\t\t\t\t<p>\u00a0<\/p><p>Na obszarze Programu potrzebna jest dla Euroregionu Pomerania nowoczesna forma wsp\u00f3\u0142pracy transgranicznej w postaci Europejskiego Ugrupowania Wsp\u00f3\u0142pracy Terytorialnej. Jest to zbie\u017cne z polityk\u0105 Unii Europejskiej, kt\u00f3ra poprzez rozporz\u0105dzenie (WE) nr 1082\/2006 Parlamentu Europejskiego i Rady z dnia 5 lipca 2006 r. wskazuje, \u017ce dotychczasowe formu\u0142y wsp\u00f3\u0142pracy na granicach powinny by\u0107 realizowane przez podmioty posiadaj\u0105ce transgraniczn\u0105 osobowo\u015b\u0107 prawn\u0105 (EUWT). Stanowi to zarazem powa\u017cny wstrz\u0105s dla ram prawnych wsp\u00f3\u0142pracy terytorialnej i ich zrozumia\u0142\u0105 ewolucj\u0119. Powa\u017cny wstrz\u0105s, poniewa\u017c jest to pierwszy instrument wsp\u00f3lnotowy o charakterze normatywnym w tej dziedzinie, a tak\u017ce dlatego, \u017ce na mocy rozporz\u0105dzenia taka wsp\u00f3\u0142praca w ramach euroregion\u00f3w w r\u00f3\u017cnych pa\u0144stwach cz\u0142onkowskich zostaje umieszczona w samym centrum procesu integracji, podczas gdy do tej pory z natury rzeczy by\u0142o to zjawisko marginalne.<\/p><p>Celem projektu jest dlatego wypracowanie przez Stowarzyszenie Gmin Polskich Euroregionu Pomerania oraz przez Kommunalgemeinschaft Europaregion Pomerania e.V. dokument\u00f3w za\u0142o\u017cycielskich i mechanizm\u00f3w zarz\u0105dzania EUWT, a nast\u0119pnie jego rejestracj\u0119.<\/p><p>W projekcie przewidziano warsztaty prawne, kt\u00f3re zaskutkuj\u0105 wypracowaniem konwencji i statutu przysz\u0142ego EUWT. Zaplanowano tak\u017ce warsztaty zarz\u0105dzania partycypacyjnego by okre\u015bli\u0107 obszary tematyczne i zadania powo\u0142ywanego EUWT. Pozostawiona cz\u0142onkom mo\u017cliwo\u015b\u0107 cz\u0119\u015bciowego okre\u015blenia zasad ich wsp\u00f3\u0142pracy za pomoc\u0105 konwencji i statutu powinna pozwoli\u0107 na zaistnienie r\u00f3\u017cnorodnych formu\u0142 wsp\u00f3\u0142pracy, odpowiednio do r\u00f3\u017cnorodno\u015bci samych zainteresowanych podmiot\u00f3w i wielo\u015bci ich oczekiwa\u0144. Celem EUWT nie jest wi\u0119c ujednolicenie praktyki wsp\u00f3\u0142pracy terytorialnej \u2013 przeciwnie, powinno ono pozwoli\u0107 na zachowanie r\u00f3\u017cnorodno\u015bci sytuacji i osi\u0105gni\u0119\u0107 wynikaj\u0105cych z minionych do\u015bwiadcze\u0144, szczeg\u00f3lnie pod wzgl\u0119dem wsp\u00f3\u0142pracy transgranicznej.<\/p><p>Najwa\u017cniejszym produktem projektu b\u0119dzie wsp\u00f3lny plan dzia\u0142ania na rzecz dalszego, transgranicznego rozwoju Euroregionu Pomerania w kierunku likwidacji barier prawnych i zwi\u0119kszenia potencja\u0142u polsko-niemieckiego pogranicza. Ostatecznym rezultatem projektu b\u0119dzie stworzenie mo\u017cliwo\u015bci powo\u0142ania w Euroregionie Pomerania Europejskiego Ugrupowania Wsp\u00f3\u0142pracy Terytorialnej.<\/p><p>Korzy\u015b\u0107 z produkt\u00f3w projektu osi\u0105gn\u0105 nie tylko partnerzy projektu, ale tak\u017ce mieszka\u0144cy i wszelkie inne jednostki dzia\u0142aj\u0105ce na pograniczu, lepiej wykorzystuj\u0105c tym samym potencja\u0142 geograficzny mieszkania i funkcjonowania na pograniczu.<\/p><p>Nowym podej\u015bciem w projekcie jest uwsp\u00f3lnotowienie zarz\u0105dzania w realizacji transgranicznych zada\u0144.<\/p>\t\t\t\t\t\t<\/div>\n\t\t\t\t<\/div>\n\t\t\t\t\t<\/div>\n\t\t<\/div>\n\t\t\t\t\t\t\t<\/div>\n\t\t<\/section>\n\t\t\t\t<section class=\"elementor-section elementor-top-section elementor-element elementor-element-4a84995 elementor-section-boxed elementor-section-height-default elementor-section-height-default\" data-id=\"4a84995\" data-element_type=\"section\">\n\t\t\t\t\t\t<div class=\"elementor-container elementor-column-gap-default\">\n\t\t\t\t\t<div class=\"elementor-column elementor-col-100 elementor-top-column elementor-element elementor-element-5e9c578\" data-id=\"5e9c578\" data-element_type=\"column\">\n\t\t\t<div class=\"elementor-widget-wrap elementor-element-populated\">\n\t\t\t\t\t\t\t\t<div class=\"elementor-element elementor-element-717189e elementor-widget elementor-widget-image\" data-id=\"717189e\" data-element_type=\"widget\" data-widget_type=\"image.default\">\n\t\t\t\t<div class=\"elementor-widget-container\">\n\t\t\t<style>\/*! elementor - v3.11.2 - 22-02-2023 *\/\n.elementor-widget-image{text-align:center}.elementor-widget-image a{display:inline-block}.elementor-widget-image a img[src$=\".svg\"]{width:48px}.elementor-widget-image img{vertical-align:middle;display:inline-block}<\/style>\t\t\t\t\t\t\t\t\t\t\t\t<img loading=\"lazy\" decoding=\"async\" width=\"768\" height=\"240\" src=\"https:\/\/pomerania.org.pl\/wp-content\/uploads\/2023\/05\/Int6a_Programmlogo_de-pl_2022-09-12_Hintergrund-768x240.jpg\" class=\"attachment-medium_large size-medium_large wp-image-3097\" alt=\"\" srcset=\"https:\/\/pomerania.org.pl\/wp-content\/uploads\/2023\/05\/Int6a_Programmlogo_de-pl_2022-09-12_Hintergrund-768x240.jpg 768w, https:\/\/pomerania.org.pl\/wp-content\/uploads\/2023\/05\/Int6a_Programmlogo_de-pl_2022-09-12_Hintergrund-300x94.jpg 300w, https:\/\/pomerania.org.pl\/wp-content\/uploads\/2023\/05\/Int6a_Programmlogo_de-pl_2022-09-12_Hintergrund-1536x479.jpg 1536w, https:\/\/pomerania.org.pl\/wp-content\/uploads\/2023\/05\/Int6a_Programmlogo_de-pl_2022-09-12_Hintergrund.jpg 1772w\" sizes=\"auto, (max-width: 768px) 100vw, 768px\" \/>\t\t\t\t\t\t\t\t\t\t\t\t\t\t\t<\/div>\n\t\t\t\t<\/div>\n\t\t\t\t\t<\/div>\n\t\t<\/div>\n\t\t\t\t\t\t\t<\/div>\n\t\t<\/section>\n\t\t\t\t\t\t\t<\/div>\n\t\t","protected":false},"excerpt":{"rendered":"<p>Wszystkie aktualno\u015bci One Pomerania Projekt INT 0100007 \u201cThe one and only Pomerania &#8211; analiza na rzecz transgranicznego rozwoju w Euroregionie Pomerania\u201d \u00a0 Na obszarze Programu potrzebna jest dla Euroregionu Pomerania nowoczesna forma wsp\u00f3\u0142pracy transgranicznej w postaci Europejskiego Ugrupowania Wsp\u00f3\u0142pracy Terytorialnej. Jest to zbie\u017cne z polityk\u0105 Unii Europejskiej, kt\u00f3ra poprzez rozporz\u0105dzenie (WE) nr 1082\/2006 Parlamentu Europejskiego [&hellip;]<\/p>\n","protected":false},"author":1,"featured_media":0,"parent":0,"menu_order":0,"comment_status":"closed","ping_status":"closed","template":"","meta":{"footnotes":""},"class_list":["post-5606","page","type-page","status-publish","hentry"],"post_mailing_queue_ids":[],"_links":{"self":[{"href":"https:\/\/pomerania.org.pl\/index.php?rest_route=\/wp\/v2\/pages\/5606","targetHints":{"allow":["GET"]}}],"collection":[{"href":"https:\/\/pomerania.org.pl\/index.php?rest_route=\/wp\/v2\/pages"}],"about":[{"href":"https:\/\/pomerania.org.pl\/index.php?rest_route=\/wp\/v2\/types\/page"}],"author":[{"embeddable":true,"href":"https:\/\/pomerania.org.pl\/index.php?rest_route=\/wp\/v2\/users\/1"}],"replies":[{"embeddable":true,"href":"https:\/\/pomerania.org.pl\/index.php?rest_route=%2Fwp%2Fv2%2Fcomments&post=5606"}],"version-history":[{"count":49,"href":"https:\/\/pomerania.org.pl\/index.php?rest_route=\/wp\/v2\/pages\/5606\/revisions"}],"predecessor-version":[{"id":7521,"href":"https:\/\/pomerania.org.pl\/index.php?rest_route=\/wp\/v2\/pages\/5606\/revisions\/7521"}],"wp:attachment":[{"href":"https:\/\/pomerania.org.pl\/index.php?rest_route=%2Fwp%2Fv2%2Fmedia&parent=5606"}],"curies":[{"name":"wp","href":"https:\/\/api.w.org\/{rel}","templated":true}]}}